{"id":15514,"date":"2022-03-27T22:16:22","date_gmt":"2022-03-27T20:16:22","guid":{"rendered":"https:\/\/stadtwolmirstedt.de\/events-in-wolmirstedt\/"},"modified":"2026-02-13T15:30:25","modified_gmt":"2026-02-13T14:30:25","slug":"events-in-wolmirstedt","status":"publish","type":"page","link":"https:\/\/stadtwolmirstedt.de\/en\/events-in-wolmirstedt\/","title":{"rendered":"Events in Wolmirstedt"},"content":{"rendered":"\t\t<div data-elementor-type=\"wp-page\" data-elementor-id=\"15514\" class=\"elementor elementor-15514 elementor-11406\" data-elementor-post-type=\"page\">\n\t\t\t\t\t\t<section class=\"elementor-section elementor-top-section elementor-element elementor-element-18f22da elementor-section-boxed elementor-section-height-default elementor-section-height-default\" data-id=\"18f22da\" data-element_type=\"section\" data-e-type=\"section\">\n\t\t\t\t\t\t<div class=\"elementor-container elementor-column-gap-default\">\n\t\t\t\t\t<div class=\"elementor-column elementor-col-100 elementor-top-column elementor-element elementor-element-792121c\" data-id=\"792121c\" data-element_type=\"column\" data-e-type=\"column\">\n\t\t\t<div class=\"elementor-widget-wrap elementor-element-populated\">\n\t\t\t\t\t\t<div class=\"elementor-element elementor-element-1dd103f elementor-widget elementor-widget-spacer\" data-id=\"1dd103f\" data-element_type=\"widget\" data-e-type=\"widget\" data-widget_type=\"spacer.default\">\n\t\t\t\t<div class=\"elementor-widget-container\">\n\t\t\t\t\t\t\t<div class=\"elementor-spacer\">\n\t\t\t<div class=\"elementor-spacer-inner\"><\/div>\n\t\t<\/div>\n\t\t\t\t\t\t<\/div>\n\t\t\t\t<\/div>\n\t\t\t\t<div class=\"elementor-element elementor-element-5fd0530 elementor-widget elementor-widget-text-editor\" data-id=\"5fd0530\" data-element_type=\"widget\" data-e-type=\"widget\" data-widget_type=\"text-editor.default\">\n\t\t\t\t<div class=\"elementor-widget-container\">\n\t\t\t\t\t\t\t\t\t<p>Please send us your event details by e-mail to <a href=\"mailto:eranstaltung@stadtwolmirstedt.de\">veranstaltung@stadtwolmirstedt.de<\/a><\/p>\t\t\t\t\t\t\t\t<\/div>\n\t\t\t\t<\/div>\n\t\t\t\t\t<\/div>\n\t\t<\/div>\n\t\t\t\t\t<\/div>\n\t\t<\/section>\n\t\t\t\t<section class=\"elementor-section elementor-top-section elementor-element elementor-element-9e70ec2 elementor-section-boxed elementor-section-height-default elementor-section-height-default\" data-id=\"9e70ec2\" data-element_type=\"section\" data-e-type=\"section\">\n\t\t\t\t\t\t<div class=\"elementor-container elementor-column-gap-default\">\n\t\t\t\t\t<div class=\"elementor-column elementor-col-100 elementor-top-column elementor-element elementor-element-a06a4b9\" data-id=\"a06a4b9\" data-element_type=\"column\" data-e-type=\"column\">\n\t\t\t<div class=\"elementor-widget-wrap elementor-element-populated\">\n\t\t\t\t\t\t<div class=\"elementor-element elementor-element-803dce9 elementor-widget elementor-widget-shortcode\" data-id=\"803dce9\" data-element_type=\"widget\" data-e-type=\"widget\" data-widget_type=\"shortcode.default\">\n\t\t\t\t<div class=\"elementor-widget-container\">\n\t\t\t\t\t\t\t<div class=\"elementor-shortcode\"><div class=\"emagic\">\n        <input type=\"hidden\" id=\"ep-events-style\" value=\"month\"\/> \n    <div class=\"ep-events-container ep-box-wrap ep-month-view ep-my-4\" id=\"ep-events-container\">\n                \n        \n        <div id=\"ep-events-content-container\" class=\"ep-mt-4\">                <div class=\"ep-events ep-box-row ep-event-list-month-container  ep_events_front_views_month_811\" id=\"ep_events_front_views_month\" data-section_id=\"811\">\n                    \n<div id=\"ep_event_calendar\" class=\"ep-mb-5 ep-box-col-12\"><\/div>\n <!-- Event type swatches -->\n <div class=\"ep-event-types ep-d-flex ep-flex-wrap\">\n                <div class=\"ep-event-type ep-event-type ep-mr-2 ep-border ep-p-2 ep-rounded-1 ep-lh-0 ep-di-flex ep-align-items-center ep-mb-2 ep-bg-white\">\n                                <a class=\"ep-outline-width-0\" href=\"https:\/\/stadtwolmirstedt.de\/kategorien\/?event_type=81\">Ausstellung<\/a>                    <span style=\"background-color:#7092BE\" class=\"ep-ml-1\"><\/span>            <\/div>            <div class=\"ep-event-type ep-event-type ep-mr-2 ep-border ep-p-2 ep-rounded-1 ep-lh-0 ep-di-flex ep-align-items-center ep-mb-2 ep-bg-white\">\n                                <a class=\"ep-outline-width-0\" href=\"https:\/\/stadtwolmirstedt.de\/kategorien\/?event_type=422\">Beratung<\/a>                    <span style=\"background-color:#75D472\" class=\"ep-ml-1\"><\/span>            <\/div>            <div class=\"ep-event-type ep-event-type ep-mr-2 ep-border ep-p-2 ep-rounded-1 ep-lh-0 ep-di-flex ep-align-items-center ep-mb-2 ep-bg-white\">\n                                <a class=\"ep-outline-width-0\" href=\"https:\/\/stadtwolmirstedt.de\/kategorien\/?event_type=80\">Familie<\/a>                    <span style=\"background-color:#C8BFE7\" class=\"ep-ml-1\"><\/span>            <\/div>            <div class=\"ep-event-type ep-event-type ep-mr-2 ep-border ep-p-2 ep-rounded-1 ep-lh-0 ep-di-flex ep-align-items-center ep-mb-2 ep-bg-white\">\n                                <a class=\"ep-outline-width-0\" href=\"https:\/\/stadtwolmirstedt.de\/kategorien\/?event_type=424\">Filmvorf\u00fchrung<\/a>                    <span style=\"background-color:#FF3C89\" class=\"ep-ml-1\"><\/span>            <\/div>            <div class=\"ep-event-type ep-event-type ep-mr-2 ep-border ep-p-2 ep-rounded-1 ep-lh-0 ep-di-flex ep-align-items-center ep-mb-2 ep-bg-white\">\n                                <a class=\"ep-outline-width-0\" href=\"https:\/\/stadtwolmirstedt.de\/kategorien\/?event_type=99\">F\u00fchrung<\/a>                    <span style=\"background-color:#FF9F6E\" class=\"ep-ml-1\"><\/span>            <\/div>            <div class=\"ep-event-type ep-event-type ep-mr-2 ep-border ep-p-2 ep-rounded-1 ep-lh-0 ep-di-flex ep-align-items-center ep-mb-2 ep-bg-white\">\n                                <a class=\"ep-outline-width-0\" href=\"https:\/\/stadtwolmirstedt.de\/kategorien\/?event_type=82\">Information<\/a>                    <span style=\"background-color:#E0E0E0\" class=\"ep-ml-1\"><\/span>            <\/div>            <div class=\"ep-event-type ep-event-type ep-mr-2 ep-border ep-p-2 ep-rounded-1 ep-lh-0 ep-di-flex ep-align-items-center ep-mb-2 ep-bg-white\">\n                                <a class=\"ep-outline-width-0\" href=\"https:\/\/stadtwolmirstedt.de\/kategorien\/?event_type=83\">Kabarett<\/a>                    <span style=\"background-color:#EC1C23\" class=\"ep-ml-1\"><\/span>            <\/div>            <div class=\"ep-event-type ep-event-type ep-mr-2 ep-border ep-p-2 ep-rounded-1 ep-lh-0 ep-di-flex ep-align-items-center ep-mb-2 ep-bg-white\">\n                                <a class=\"ep-outline-width-0\" href=\"https:\/\/stadtwolmirstedt.de\/kategorien\/?event_type=405\">Kinder<\/a>                    <span style=\"background-color:#FEF100\" class=\"ep-ml-1\"><\/span>            <\/div>            <div class=\"ep-event-type ep-event-type ep-mr-2 ep-border ep-p-2 ep-rounded-1 ep-lh-0 ep-di-flex ep-align-items-center ep-mb-2 ep-bg-white\">\n                                <a class=\"ep-outline-width-0\" href=\"https:\/\/stadtwolmirstedt.de\/kategorien\/?event_type=79\">Konzert<\/a>                    <span style=\"background-color:#1CC9FF\" class=\"ep-ml-1\"><\/span>            <\/div>            <div class=\"ep-event-type ep-event-type ep-mr-2 ep-border ep-p-2 ep-rounded-1 ep-lh-0 ep-di-flex ep-align-items-center ep-mb-2 ep-bg-white\">\n                                <a class=\"ep-outline-width-0\" href=\"https:\/\/stadtwolmirstedt.de\/kategorien\/?event_type=425\">Markt<\/a>                    <span style=\"background-color:#FF7E26\" class=\"ep-ml-1\"><\/span>            <\/div>            <div class=\"ep-event-type ep-event-type ep-mr-2 ep-border ep-p-2 ep-rounded-1 ep-lh-0 ep-di-flex ep-align-items-center ep-mb-2 ep-bg-white\">\n                                <a class=\"ep-outline-width-0\" href=\"https:\/\/stadtwolmirstedt.de\/kategorien\/?event_type=426\">Messe<\/a>                    <span style=\"background-color:#2271B1\" class=\"ep-ml-1\"><\/span>            <\/div>            <div class=\"ep-event-type ep-event-type ep-mr-2 ep-border ep-p-2 ep-rounded-1 ep-lh-0 ep-di-flex ep-align-items-center ep-mb-2 ep-bg-white\">\n                                <a class=\"ep-outline-width-0\" href=\"https:\/\/stadtwolmirstedt.de\/kategorien\/?event_type=84\">Sport<\/a>                    <span style=\"background-color:#FF6E6E\" class=\"ep-ml-1\"><\/span>            <\/div>            <div class=\"ep-event-type ep-event-type ep-mr-2 ep-border ep-p-2 ep-rounded-1 ep-lh-0 ep-di-flex ep-align-items-center ep-mb-2 ep-bg-white\">\n                                <a class=\"ep-outline-width-0\" href=\"https:\/\/stadtwolmirstedt.de\/kategorien\/?event_type=415\">Tanz<\/a>                    <span style=\"background-color:#EEE3AF\" class=\"ep-ml-1\"><\/span>            <\/div>            <div class=\"ep-event-type ep-event-type ep-mr-2 ep-border ep-p-2 ep-rounded-1 ep-lh-0 ep-di-flex ep-align-items-center ep-mb-2 ep-bg-white\">\n                                <a class=\"ep-outline-width-0\" href=\"https:\/\/stadtwolmirstedt.de\/kategorien\/?event_type=427\">Vereinstreffen<\/a>            <\/div>            <div class=\"ep-event-type ep-event-type ep-mr-2 ep-border ep-p-2 ep-rounded-1 ep-lh-0 ep-di-flex ep-align-items-center ep-mb-2 ep-bg-white\">\n                                <a class=\"ep-outline-width-0\" href=\"https:\/\/stadtwolmirstedt.de\/kategorien\/?event_type=77\">Vortrag\/Lesung<\/a>                    <span style=\"background-color:#B5E61D\" class=\"ep-ml-1\"><\/span>            <\/div>            <div class=\"ep-event-type ep-event-type ep-mr-2 ep-border ep-p-2 ep-rounded-1 ep-lh-0 ep-di-flex ep-align-items-center ep-mb-2 ep-bg-white\">\n                                <a class=\"ep-outline-width-0\" href=\"https:\/\/stadtwolmirstedt.de\/kategorien\/?event_type=78\">Weihnachten<\/a>                    <span style=\"background-color:#CE181F\" class=\"ep-ml-1\"><\/span>            <\/div>  \n<\/div>      \n<!-- Swatches ends here -->                <\/div>\n                                <\/div>\n            <\/div><\/div><\/div>\n\t\t\t\t\t\t<\/div>\n\t\t\t\t<\/div>\n\t\t\t\t\t<\/div>\n\t\t<\/div>\n\t\t\t\t\t<\/div>\n\t\t<\/section>\n\t\t\t\t<section class=\"elementor-section elementor-top-section elementor-element elementor-element-adfcc17 elementor-section-boxed elementor-section-height-default elementor-section-height-default\" data-id=\"adfcc17\" data-element_type=\"section\" data-e-type=\"section\">\n\t\t\t\t\t\t<div class=\"elementor-container elementor-column-gap-default\">\n\t\t\t\t\t<div class=\"elementor-column elementor-col-100 elementor-top-column elementor-element elementor-element-6f6c605\" data-id=\"6f6c605\" data-element_type=\"column\" data-e-type=\"column\">\n\t\t\t<div class=\"elementor-widget-wrap elementor-element-populated\">\n\t\t\t\t\t\t<div class=\"elementor-element elementor-element-09a6f6a elementor-widget elementor-widget-eventprimeelementorallevents\" data-id=\"09a6f6a\" data-element_type=\"widget\" data-e-type=\"widget\" data-widget_type=\"eventprimeelementorallevents.default\">\n\t\t\t\t<div class=\"elementor-widget-container\">\n\t\t\t\t\t<div class=\"emagic\">\n        <input type=\"hidden\" id=\"ep-events-style\" value=\"square_grid\"\/> \n    <div class=\"ep-events-container ep-box-wrap ep-square_grid-view ep-my-4\" id=\"ep-events-container\">\n                <form id=\"ep_event_search_form\" class=\"ep-box-search-form ep-box-bottom\" name=\"ep_event_search_form\" method=\"get\" role=\"search\">\n            <div class=\"ep-bg-light ep-border ep-rounded ep-px-3 ep-box-search-form-wrap\">\n                <div class=\"ep-box-row\">\n                    <div class=\"ep-box-col-8 ep-p-3 ep-position-relative ep-search-filter-bar\">\n                        <div class=\"ep-input-group\">\n                            <span class=\"ep-input-group-text ep-bg-white ep-text-muted\">\n                                <span class=\"material-icons-outlined\">search<\/span>\n                            <\/span>\n                            <input name=\"keyword\" id=\"ep_event_keyword_search\" type=\"search\" class=\"ep-form-control ep-form-control-sm ep-border-start-0\" placeholder=\"Search Keyword\" autocomplete=\"off\">\n                            <button class=\"ep-btn ep-btn-dark ep-btn-sm ep-z-index-1\" type=\"button\" id=\"ep_event_find_events_btn\">\n                                Find Events                            <\/button>\n                        <\/div>\n                        <div id=\"ep-search-filters\" class=\"ep-position-absolute ep-border ep-bg-white ep-rounded ep-p-4 ep-box-w-100 ep-shadow-sm\" style=\"visibility: hidden\" >\n            <div class=\"ep-box-row ep-text-small ep-mb-3 ep-py-4 ep-bg-light\">\n            <div class=\"ep-box-col-12 ep-text-small ep-mb-3\"><span class=\"ep-text-small ep-fw-bold ep-text-uppercase\">Quick searches<\/span><\/div>\n            <div class=\"ep-box-col-12\">\n                <span class=\"ep-px-2 ep-py-1 ep-di-inline-block ep-text-small ep-cursor ep-rounded-1 ep-mr-1 ep-mb-1 ep-bg-primary ep-bg-opacity-10 ep-filters-days\" id=\"ep_filter_next_weekend\" data-key=\"next_weekend\">Next Weekend<\/span>\n                <span class=\"ep-px-2 ep-py-1 ep-di-inline-block ep-text-small ep-cursor ep-rounded-1 ep-mr-1 ep-mb-1 ep-bg-primary ep-bg-opacity-10 ep-filters-days\" id=\"ep_filter_next_week\" data-key=\"next_week\">Next Week<\/span>\n                <span class=\"ep-px-2 ep-py-1 ep-di-inline-block ep-text-small ep-cursor ep-rounded-1 ep-mr-1 ep-mb-1 ep-bg-primary ep-bg-opacity-10 ep-filters-days\" id=\"ep_filter_next_month\" data-key=\"next_month\">Next Month<\/span>\n                <span class=\"ep-px-2 ep-py-1 ep-di-inline-block ep-text-small ep-cursor ep-rounded-1 ep-mr-1 ep-mb-1 ep-bg-primary ep-bg-opacity-10 ep-filters-days\" id=\"ep_filter_online\" data-key=\"online\">Online<\/span>\n            <\/div>\n        <\/div>\n            <div class=\"ep-box-row ep-mb-3\">\n            <div class=\"ep-box-col-12 ep-fw-bold ep-text-small\">Additional Filters<\/div>\n        <\/div>\n            <div class=\"ep-box-row ep-text-small ep-mb-2\">\n            <div class=\"ep-box-col-12 ep-text-small ep-mb-2\"><span class=\"ep-text-small ep-fw-bold ep-text-uppercase\">Date Range<\/span><\/div>\n            <div class=\"ep-box-col-4 ep-text-small\">\n                <div class=\"ep-input-group ep-mb-2\">\n                    <input type=\"text\" id=\"filter-date-from\" class=\"ep-form-control ep-form-control-sm\" placeholder=\"From\" readonly>\n                    <button class=\"ep-btn ep-btn-light ep-border ep-btn-sm ep-trigger-date-from ep-lh-0\" type=\"button\"><span class=\"material-icons-outlined ep-fs-6\"><svg xmlns=\"http:\/\/www.w3.org\/2000\/svg\" enable-background=\"new 0 0 20 20\" height=\"20px\" viewBox=\"0 0 20 20\" width=\"20px\" fill=\"#5f6368\"><g><rect fill=\"none\" height=\"20\" width=\"20\" x=\"0\"\/><\/g><g><path d=\"M15.5,4H14V2h-1.5v2h-5V2H6v2H4.5C3.67,4,3,4.68,3,5.5v11C3,17.32,3.67,18,4.5,18h11c0.83,0,1.5-0.68,1.5-1.5v-11 C17,4.68,16.33,4,15.5,4z M15.5,16.5h-11V9h11V16.5z M15.5,7.5h-11v-2h11V7.5z M7.5,12H6v-1.5h1.5V12z M10.75,12h-1.5v-1.5h1.5V12z M14,12h-1.5v-1.5H14V12z M7.5,15H6v-1.5h1.5V15z M10.75,15h-1.5v-1.5h1.5V15z M14,15h-1.5v-1.5H14V15z\"\/><\/g><\/svg><\/span><\/button>\n                <\/div>\n            <\/div>\n            <div class=\"ep-box-col-4 ep-text-small\">\n                <div class=\"ep-input-group ep-mb-2\">\n                    <input type=\"text\" id=\"filter-date-to\" class=\"ep-form-control ep-form-control-sm\" placeholder=\"To\" readonly>\n                    <button class=\"ep-btn ep-btn-light ep-border ep-btn-sm ep-trigger-date-to ep-lh-0\" type=\"button\" ><span class=\"material-icons-outlined ep-fs-6\"><svg xmlns=\"http:\/\/www.w3.org\/2000\/svg\" enable-background=\"new 0 0 20 20\" height=\"20px\" viewBox=\"0 0 20 20\" width=\"20px\" fill=\"#5f6368\"><g><rect fill=\"none\" height=\"20\" width=\"20\" x=\"0\"\/><\/g><g><path d=\"M15.5,4H14V2h-1.5v2h-5V2H6v2H4.5C3.67,4,3,4.68,3,5.5v11C3,17.32,3.67,18,4.5,18h11c0.83,0,1.5-0.68,1.5-1.5v-11 C17,4.68,16.33,4,15.5,4z M15.5,16.5h-11V9h11V16.5z M15.5,7.5h-11v-2h11V7.5z M7.5,12H6v-1.5h1.5V12z M10.75,12h-1.5v-1.5h1.5V12z M14,12h-1.5v-1.5H14V12z M7.5,15H6v-1.5h1.5V15z M10.75,15h-1.5v-1.5h1.5V15z M14,15h-1.5v-1.5H14V15z\"\/><\/g><\/svg><\/span><\/button>\n                <\/div>\n            <\/div>\n            <div class=\"ep-box-col-4 ep-text-small\" id=\"filter-date-days-section\" style=\"display:none;\">\n                <select id=\"filter-date-days\" class=\"ep-form-select ep-form-select-sm\" aria-label=\".form-select-sm example\">\n                    <option selected=\"\" value=\"all\">All Days<\/option>\n                    <option value=\"weekdays\">Weekdays<\/option>\n                    <option vlaue=\"weekends\">Weekends<\/option>\n                <\/select>\n            <\/div>\n        <\/div>\n    \n    <div class=\"ep-box-row ep-text-small ep-mb-3\" style=\"display:none;\">\n        <div class=\"ep-box-col-12 ep-text-small ep-mb-2 d-none\"><span class=\"small fw-bold text-uppercase\">Location<\/span><\/div>\n        <div class=\"ep-box-col-4 ep-text-small\">\n            <div class=\"ep-input-group\">\n                <input type=\"text\" class=\"ep-form-control ep-form-control-sm\" placeholder=\"Your Zip\/ Pin\">\n                    <button class=\"ep-btn ep-btn-primary ep-btn-sm\" type=\"button\"><span class=\"material-icons-outlined ep-fs-6\">my_location<\/span><\/button>\n            <\/div>\n        <\/div>\n        <div class=\"ep-box-col-4\">\n            <select class=\"ep-form-select ep-form-select-sm\" aria-label=\".form-select-sm example\">\n                <option selected=\"\">Anywhere<\/option>\n                <option>Online Only<\/option>\n                <option value=\"1\" disabled=\"\">Within 50 miles<\/option>\n                <option value=\"2\" disabled=\"\">Within 100 miles<\/option>\n                <option value=\"3\" disabled=\"\">Within 250 miles<\/option>\n                <option value=\"3\" disabled=\"\">Within 500 miles<\/option>\n            <\/select>\n        <\/div>\n        <div class=\"ep-box-col-12 ep-mt-2 ep-text-small\">\n            <div class=\"ep-text-small ep-text-muted\">Please enter your Zip\/ Pin to enable distance related search options.<\/div>\n        <\/div>\n    <\/div>\n\n    <div class=\"ep-box-row ep-text-small ep-gy-3\" >\n        \n\n        <div class=\"ep-box-col-12 ep-rounded ep-p-3 ep-my-2\" style=\"display: none;\">\n            <label for=\"customRange1\" class=\"ep-form-label ep-text-small ep-fw-bold\">Ticket Price Range<\/label>\n            <input type=\"range\" class=\"ep-form-range\" id=\"customRange1\">\n                <div class=\"ep-d-flex ep-justify-content-between\">\n                    <div class=\"ep-input-group ep-input-group-sm ep-box-w-25\">\n                        <span class=\"ep-input-group-text\">$<\/span>\n                        <input type=\"text\" class=\"ep-form-control ep-form-control-sm\" value=\"20\">\n                    <\/div>                        \n                    <div class=\"ep-input-group ep-input-group-sm ep-box-w-25\">\n                        <span class=\"ep-input-group-text\">$<\/span>\n                        <input type=\"text\" class=\"ep-form-control ep-form-control-sm\" value=\"500\">\n                    <\/div>\n                <\/div>\n        <\/div>\n\n                                <div class=\"ep-box-col-6 ep-text-small\">\n                <div class=\"ep-input-group\">\n                    <select id=\"ep-filter-types\" class=\"ep-form-control ep-form-control-sm\" placeholder=\"Event Type\">\n                        <option selected=\"true\" disabled=\"disabled\">Event Type<\/option>\n                                                <option value=\"81\">Ausstellung<\/option>\n                                                <option value=\"422\">Beratung<\/option>\n                                                <option value=\"80\">Familie<\/option>\n                                                <option value=\"424\">Filmvorf\u00fchrung<\/option>\n                                                <option value=\"99\">F\u00fchrung<\/option>\n                                                <option value=\"82\">Information<\/option>\n                                                <option value=\"83\">Kabarett<\/option>\n                                                <option value=\"405\">Kinder<\/option>\n                                                <option value=\"79\">Konzert<\/option>\n                                                <option value=\"425\">Markt<\/option>\n                                                <option value=\"426\">Messe<\/option>\n                                                <option value=\"84\">Sport<\/option>\n                                                <option value=\"415\">Tanz<\/option>\n                                                <option value=\"427\">Vereinstreffen<\/option>\n                                                <option value=\"77\">Vortrag\/Lesung<\/option>\n                                                <option value=\"78\">Weihnachten<\/option>\n                                            <\/select>\n                <\/div>\n            <\/div>\n                                    \n\n                                            \n\n                            \n                                <\/div>\n    \n<\/div>\n<script>\n  jQuery(document).ready(function() {\n    jQuery(\".ep-input-group\").on(\"click\", function() {\n        jQuery(\".select2-dropdown--below\").addClass(\"ep-filter-alignment\")\n        });\n  });\n<\/script>\n                        <div class=\"ep-search-filter-overlay\" style=\"display: none;\"><\/div>\n                    <\/div>\n                    <div class=\"ep-box-col-4 ep-p-3 ep-d-flex ep-align-items-center ep-justify-content-end ep-event-views-col\">\n                        <div class=\"ep-btn-group ep-overflow-hidden ep-event-views-filter-group\" role=\"Event view Filters\">\n            <button type=\"button\" class=\"ep-btn ep-btn-outline-primary ep_event_view_filter \" id=\"ep_event_view_calendar\" title=\"Calendar View\" data-event_view=\"month\">\n            <span class=\"material-icons-outlined ep-fs-6\"> <svg xmlns=\"http:\/\/www.w3.org\/2000\/svg\" enable-background=\"new 0 0 20 20\" height=\"18px\" viewBox=\"0 0 20 20\" width=\"18px\" fill=\"#000000\" class=\"ep_calendar_month ep-btn-text-fill-color\"><g><rect fill=\"none\" height=\"20\" width=\"20\" x=\"0\"\/><\/g><g><path d=\"M15.5,4H14V2h-1.5v2h-5V2H6v2H4.5C3.67,4,3,4.68,3,5.5v11C3,17.32,3.67,18,4.5,18h11c0.83,0,1.5-0.68,1.5-1.5v-11 C17,4.68,16.33,4,15.5,4z M15.5,16.5h-11V9h11V16.5z M15.5,7.5h-11v-2h11V7.5z M7.5,12H6v-1.5h1.5V12z M10.75,12h-1.5v-1.5h1.5V12z M14,12h-1.5v-1.5H14V12z M7.5,15H6v-1.5h1.5V15z M10.75,15h-1.5v-1.5h1.5V15z M14,15h-1.5v-1.5H14V15z\"\/><\/g><\/svg><\/span>\n        <\/button>\n        \n            <button type=\"button\" class=\"ep-btn ep-btn-outline-primary ep_event_view_filter ep-active-view\" id=\"ep_event_view_card\" title=\"Square Grid View\" data-event_view=\"square_grid\">\n            <span class=\"material-icons-outlined ep-fs-6\"><svg xmlns=\"http:\/\/www.w3.org\/2000\/svg\" enable-background=\"new 0 0 24 24\" height=\"18px\" viewBox=\"0 0 24 24\" width=\"18px\" fill=\"#000000\" class=\"ep_grid_view ep-btn-text-fill-color\"><g><rect fill=\"none\" height=\"24\" width=\"24\"\/><\/g><g><g><g><path d=\"M3,3v8h8V3H3z M9,9H5V5h4V9z M3,13v8h8v-8H3z M9,19H5v-4h4V19z M13,3v8h8V3H13z M19,9h-4V5h4V9z M13,13v8h8v-8H13z M19,19h-4v-4h4V19z\"\/><\/g><\/g><\/g><\/svg><\/span>\n        <\/button>\n        \n        \n        \n    <\/div>                    <\/div>\n                <\/div>\n            <\/div>\n            <!-- Filters Applied Row -->\n            <div class=\"ep-box-row ep-mt-3\" id=\"ep_event_various_filters_section\" style=\"display:none;\">\n                <div class=\"ep-box-col-12 ep-mb-3\" id=\"ep_filter_count_clear\" >\n                    <span class=\"ep-text-small ep-mr-2\" id=\"ep_total_filters_applied\"><\/span>\n                    <a class=\"ep-text-small\" href=\"https:\/\/stadtwolmirstedt.de\/en\/\">Clear All<\/a>\n                <\/div>\n                <div class=\"ep-box-col-12\" id=\"ep_applied_filters_section\" ><\/div>\n            <\/div>\n\n            <!-- Event Loader -->\n                    <div class=\"ep-event-loader\" role=\"alert\" aria-live=\"polite\" style=display:flex;>\n            <div class=\"ep-event-loader-circles-wrap\">\n                <svg class=\"ep-event-loader-circle-icon ep-event-loader-circle-icon-dot ep-event-loader-circle-dot ep-event-loader-first\" viewBox=\"0 0 15 15\" xmlns=\"http:\/\/www.w3.org\/2000\/svg\"><circle cx=\"7.5\" cy=\"7.5\" r=\"7.5\"><\/circle><\/svg>\n                <svg class=\"ep-event-loader-circle-icon ep-event-loader-circle-icon-dot ep-event-loader-circle-dot ep-event-loader-second\" viewBox=\"0 0 15 15\" xmlns=\"http:\/\/www.w3.org\/2000\/svg\"><circle cx=\"7.5\" cy=\"7.5\" r=\"7.5\"><\/circle><\/svg>\n                <svg class=\"ep-event-loader-circle-icon ep-event-loader-circle-icon-dot ep-event-loader-circle-dot ep-event-loader-third\" viewBox=\"0 0 15 15\" xmlns=\"http:\/\/www.w3.org\/2000\/svg\"><circle cx=\"7.5\" cy=\"7.5\" r=\"7.5\"><\/circle><\/svg>\n            <\/div>\n        <\/div>            <!-- Event Loader End -->\n            <!-- Filters Applied Row End -->\n        <\/form>\n                    \n        \n        <div id=\"ep-events-content-container\" class=\"ep-mt-4\">                <div class=\"ep-events ep-box-row ep-event-list-square_grid-container  ep_events_front_views_square_grid_506\" id=\"ep_events_front_views_square_grid\" data-section_id=\"506\">\n                        <div class=\"ep-event-card ep-mb-4 ep-card-col-3 \">\n        <div class=\"ep-box-card-item ep-border ep-rounded-1 ep-overflow-hidden ep-box-h-100 ep-mb-4 ep-bg-white ep-position-relative ep-d-flex ep-flex-column\">\n            <div class=\"ep-box-card-thumb ep-overflow-hidden ep-position-relative\">\n                                    <a href=\"https:\/\/stadtwolmirstedt.de\/all-events\/?event=30872\" class=\"ep-img-link\">\n                        <img fetchpriority=\"high\" decoding=\"async\" width=\"731\" height=\"1024\" src=\"https:\/\/stadtwolmirstedt.de\/wp-content\/uploads\/2026\/07\/Plakat-Pfister-2026-731x1024.jpg\" class=\"img-fluid  ep-box-w-100 ep-event-cover ep-box-h-100\" alt=\"Ausstellungser\u00f6ffnung - Facetten der Natur\" srcset=\"https:\/\/stadtwolmirstedt.de\/wp-content\/uploads\/2026\/07\/Plakat-Pfister-2026-731x1024.jpg 731w, https:\/\/stadtwolmirstedt.de\/wp-content\/uploads\/2026\/07\/Plakat-Pfister-2026-214x300.jpg 214w, https:\/\/stadtwolmirstedt.de\/wp-content\/uploads\/2026\/07\/Plakat-Pfister-2026-768x1076.jpg 768w, https:\/\/stadtwolmirstedt.de\/wp-content\/uploads\/2026\/07\/Plakat-Pfister-2026-1097x1536.jpg 1097w, https:\/\/stadtwolmirstedt.de\/wp-content\/uploads\/2026\/07\/Plakat-Pfister-2026.jpg 1428w\" sizes=\"(max-width: 731px) 100vw, 731px\" \/>                    <\/a>                <div class=\"ep-box-card-icon-group ep-position-absolute ep-bg-white ep-rounded-top ep-d-inline-flex\">\n                    <!--wishlist-->\n                                        <!--social sharing-->\n                    \n                                    <\/div>\n            <\/div>\n\n            \n            <div class=\"ep-box-card-content ep-text-small ep-p-3 ep-d-flex ep-flex-column ep-flex-1\">\n                <!-- Event Title -->\n                <div class=\"ep-box-title ep-box-card-title ep-text-truncate ep-mb-2\">\n                    <a href=\"https:\/\/stadtwolmirstedt.de\/all-events\/?event=30872\" class=\"ep-fw-bold ep-fs-6 ep-my-3 ep-text-dark\">\n                        Ausstellungser\u00f6ffnung - Facetten der Natur                    <\/a>\n                <\/div>\n                <div class=\"ep-box-card-venue ep-card-venue ep-text-muted ep-text-small ep-text-truncate\">Museum Wolmirstedt                <\/div>                    <div class=\"ep-event-details ep-d-flex ep-justify-content-between ep-mb-2\">\n                        <div class=\"ep-card-event-date ep-d-flex ep-text-muted \">\n                            <div class=\"ep-card-event-date-wrap ep-d-flex ep-fw-bold ep-text-small\">\n                                                                    <span class=\"ep-card-event-date-start ep-text-primary\">\n                                        Sun, 02\/08\/2026 15:00                                    <\/span>                            <\/div>\n                        <\/div>\n                    <\/div>\n                \n                <!-- Event Description -->\n                <div class=\"ep-box-card-desc ep-text-small \">\n                    Pfister &amp; Pfister &#8211; Aquarellmalerei &amp; Fotografie Sonderausstellung vom 2. August bis 22. November 2026                <\/div>\n\n                <!-- Hook after event description -->\n                \n                <!-- Event Price -->\n                            <div class=\"ep-event-list-price ep-text-dark ep-di-flex ep-align-items-center ep-mt-auto\">\n            &nbsp;            <\/div>\n        \n                <!-- Booking Status -->\n                            <\/div>\n            \n                \n            <div class=\"ep-card-footer-wrap ep-text-center ep-box-w-100 ep-mt-7\">\n                 <div class=\"ep-card-footer ep-border-top ep-py-2 ep-position-absolute ep-px-3 ep-box-w-100\"> \n                                        <a href=\"https:\/\/stadtwolmirstedt.de\/all-events\/?event=30872\" target=\"_blank\" rel=\"noopener\">\n                            <div class=\"ep-btn ep-btn-dark ep-box-w-100 ep-my-0 ep-py-2\">\n                                <span class=\"ep-fw-bold ep-text-small\">Veranstaltungsdetails<\/span>\n                            <\/div>\n                        <\/a>\n                     \n                 <\/div>\n            <\/div>\n\n                    <\/div>\n    <\/div>\n    <div class=\"ep-event-card ep-mb-4 ep-card-col-3 \">\n        <div class=\"ep-box-card-item ep-border ep-rounded-1 ep-overflow-hidden ep-box-h-100 ep-mb-4 ep-bg-white ep-position-relative ep-d-flex ep-flex-column\">\n            <div class=\"ep-box-card-thumb ep-overflow-hidden ep-position-relative\">\n                                    <a href=\"https:\/\/stadtwolmirstedt.de\/all-events\/?event=29241\" class=\"ep-img-link\">\n                        <img decoding=\"async\" width=\"1024\" height=\"682\" src=\"https:\/\/stadtwolmirstedt.de\/wp-content\/uploads\/2025\/07\/STADTRADELN_cKlima-Buendnis-Services_-32-1024x682.jpg\" class=\"img-fluid  ep-box-w-100 ep-event-cover ep-box-h-100\" alt=\"Stadtradeln\" srcset=\"https:\/\/stadtwolmirstedt.de\/wp-content\/uploads\/2025\/07\/STADTRADELN_cKlima-Buendnis-Services_-32-1024x682.jpg 1024w, https:\/\/stadtwolmirstedt.de\/wp-content\/uploads\/2025\/07\/STADTRADELN_cKlima-Buendnis-Services_-32-300x200.jpg 300w, https:\/\/stadtwolmirstedt.de\/wp-content\/uploads\/2025\/07\/STADTRADELN_cKlima-Buendnis-Services_-32-768x512.jpg 768w, https:\/\/stadtwolmirstedt.de\/wp-content\/uploads\/2025\/07\/STADTRADELN_cKlima-Buendnis-Services_-32-391x260.jpg 391w, https:\/\/stadtwolmirstedt.de\/wp-content\/uploads\/2025\/07\/STADTRADELN_cKlima-Buendnis-Services_-32-1536x1024.jpg 1536w, https:\/\/stadtwolmirstedt.de\/wp-content\/uploads\/2025\/07\/STADTRADELN_cKlima-Buendnis-Services_-32-930x620.jpg 930w, https:\/\/stadtwolmirstedt.de\/wp-content\/uploads\/2025\/07\/STADTRADELN_cKlima-Buendnis-Services_-32.jpg 2000w\" sizes=\"(max-width: 1024px) 100vw, 1024px\" \/>                    <\/a>                <div class=\"ep-box-card-icon-group ep-position-absolute ep-bg-white ep-rounded-top ep-d-inline-flex\">\n                    <!--wishlist-->\n                                        <!--social sharing-->\n                    \n                                    <\/div>\n            <\/div>\n\n            \n            <div class=\"ep-box-card-content ep-text-small ep-p-3 ep-d-flex ep-flex-column ep-flex-1\">\n                <!-- Event Title -->\n                <div class=\"ep-box-title ep-box-card-title ep-text-truncate ep-mb-2\">\n                    <a href=\"https:\/\/stadtwolmirstedt.de\/all-events\/?event=29241\" class=\"ep-fw-bold ep-fs-6 ep-my-3 ep-text-dark\">\n                        Stadtradeln                    <\/a>\n                <\/div>\n                <div class=\"ep-box-card-venue ep-card-venue ep-text-muted ep-text-small ep-text-truncate\">&nbsp;                <\/div>                    <div class=\"ep-event-details ep-d-flex ep-justify-content-between ep-mb-2\">\n                        <div class=\"ep-card-event-date ep-d-flex ep-text-muted \">\n                            <div class=\"ep-card-event-date-wrap ep-d-flex ep-fw-bold ep-text-small\">\n                                                                <span class=\"ep-card-event-date-start ep-text-primary hunny\">\n                                    Mon, 24\/08\/2026                                <\/span>                            <\/div>\n                        <\/div>\n                    <\/div>\n                \n                <!-- Event Description -->\n                <div class=\"ep-box-card-desc ep-text-small \">\n                    Nach einem gelungenen Auftakt im Jahr 2025 mit hoher Beteiligung, m\u00f6chte die Stadt Wolmirstedt auch 2026 an der weltweit gr\u00f6\u00dften&hellip;                <\/div>\n\n                <!-- Hook after event description -->\n                \n                <!-- Event Price -->\n                            <div class=\"ep-event-list-price ep-text-dark ep-di-flex ep-align-items-center ep-mt-auto\">\n            &nbsp;            <\/div>\n        \n                <!-- Booking Status -->\n                            <\/div>\n            \n                \n            <div class=\"ep-card-footer-wrap ep-text-center ep-box-w-100 ep-mt-7\">\n                 <div class=\"ep-card-footer ep-border-top ep-py-2 ep-position-absolute ep-px-3 ep-box-w-100\"> \n                                        <a href=\"https:\/\/stadtwolmirstedt.de\/all-events\/?event=29241\" target=\"_blank\" rel=\"noopener\">\n                            <div class=\"ep-btn ep-btn-dark ep-box-w-100 ep-my-0 ep-py-2\">\n                                <span class=\"ep-fw-bold ep-text-small\">Veranstaltungsdetails<\/span>\n                            <\/div>\n                        <\/a>\n                     \n                 <\/div>\n            <\/div>\n\n                    <\/div>\n    <\/div>\n    <div class=\"ep-event-card ep-mb-4 ep-card-col-3 \">\n        <div class=\"ep-box-card-item ep-border ep-rounded-1 ep-overflow-hidden ep-box-h-100 ep-mb-4 ep-bg-white ep-position-relative ep-d-flex ep-flex-column\">\n            <div class=\"ep-box-card-thumb ep-overflow-hidden ep-position-relative\">\n                                    <a href=\"https:\/\/stadtwolmirstedt.de\/all-events\/?event=30082\" class=\"ep-img-link\">\n                        <img decoding=\"async\" width=\"706\" height=\"552\" src=\"https:\/\/stadtwolmirstedt.de\/wp-content\/uploads\/2026\/04\/Mrantus_logo.jpg\" class=\"img-fluid  ep-box-w-100 ep-event-cover ep-box-h-100\" alt=\"Mirantus Augenmobil in Wolmirstedt\" srcset=\"https:\/\/stadtwolmirstedt.de\/wp-content\/uploads\/2026\/04\/Mrantus_logo.jpg 706w, https:\/\/stadtwolmirstedt.de\/wp-content\/uploads\/2026\/04\/Mrantus_logo-300x235.jpg 300w\" sizes=\"(max-width: 706px) 100vw, 706px\" \/>                    <\/a>                <div class=\"ep-box-card-icon-group ep-position-absolute ep-bg-white ep-rounded-top ep-d-inline-flex\">\n                    <!--wishlist-->\n                                        <!--social sharing-->\n                    \n                                    <\/div>\n            <\/div>\n\n            \n            <div class=\"ep-box-card-content ep-text-small ep-p-3 ep-d-flex ep-flex-column ep-flex-1\">\n                <!-- Event Title -->\n                <div class=\"ep-box-title ep-box-card-title ep-text-truncate ep-mb-2\">\n                    <a href=\"https:\/\/stadtwolmirstedt.de\/all-events\/?event=30082\" class=\"ep-fw-bold ep-fs-6 ep-my-3 ep-text-dark\">\n                        Mirantus Augenmobil in Wolmirstedt                    <\/a>\n                <\/div>\n                <div class=\"ep-box-card-venue ep-card-venue ep-text-muted ep-text-small ep-text-truncate\">Gipfelstra\u00dfe 18, Wolmirstedt                <\/div>                    <div class=\"ep-event-details ep-d-flex ep-justify-content-between ep-mb-2\">\n                        <div class=\"ep-card-event-date ep-d-flex ep-text-muted \">\n                            <div class=\"ep-card-event-date-wrap ep-d-flex ep-fw-bold ep-text-small\">\n                                                                <span class=\"ep-card-event-date-start ep-text-primary hunny\">\n                                    Mon, 07\/09\/2026                                <\/span>                            <\/div>\n                        <\/div>\n                    <\/div>\n                \n                <!-- Event Description -->\n                <div class=\"ep-box-card-desc ep-text-small \">\n                    Riesiges Interesse an neuem Versorgungsmodell Nach dem Erfolg im M\u00e4rz geht die Gesundheitsinitiative in die n\u00e4chste Runde. Da der letzte&hellip;                <\/div>\n\n                <!-- Hook after event description -->\n                \n                <!-- Event Price -->\n                            <div class=\"ep-event-list-price ep-text-dark ep-di-flex ep-align-items-center ep-mt-auto\">\n            &nbsp;            <\/div>\n        \n                <!-- Booking Status -->\n                            <\/div>\n            \n                \n            <div class=\"ep-card-footer-wrap ep-text-center ep-box-w-100 ep-mt-7\">\n                 <div class=\"ep-card-footer ep-border-top ep-py-2 ep-position-absolute ep-px-3 ep-box-w-100\"> \n                                        <a href=\"https:\/\/stadtwolmirstedt.de\/all-events\/?event=30082\" target=\"_blank\" rel=\"noopener\">\n                            <div class=\"ep-btn ep-btn-dark ep-box-w-100 ep-my-0 ep-py-2\">\n                                <span class=\"ep-fw-bold ep-text-small\">Veranstaltungsdetails<\/span>\n                            <\/div>\n                        <\/a>\n                     \n                 <\/div>\n            <\/div>\n\n                    <\/div>\n    <\/div>\n    <div class=\"ep-event-card ep-mb-4 ep-card-col-3 \">\n        <div class=\"ep-box-card-item ep-border ep-rounded-1 ep-overflow-hidden ep-box-h-100 ep-mb-4 ep-bg-white ep-position-relative ep-d-flex ep-flex-column\">\n            <div class=\"ep-box-card-thumb ep-overflow-hidden ep-position-relative\">\n                                    <a href=\"https:\/\/stadtwolmirstedt.de\/all-events\/?event=29240\" class=\"ep-img-link\">\n                        <img loading=\"lazy\" decoding=\"async\" width=\"1024\" height=\"587\" src=\"https:\/\/stadtwolmirstedt.de\/wp-content\/uploads\/2024\/04\/Regionalmark_head-1024x587.jpg\" class=\"img-fluid  ep-box-w-100 ep-event-cover ep-box-h-100\" alt=\"Regionalmarkt\" srcset=\"https:\/\/stadtwolmirstedt.de\/wp-content\/uploads\/2024\/04\/Regionalmark_head-1024x587.jpg 1024w, https:\/\/stadtwolmirstedt.de\/wp-content\/uploads\/2024\/04\/Regionalmark_head-300x172.jpg 300w, https:\/\/stadtwolmirstedt.de\/wp-content\/uploads\/2024\/04\/Regionalmark_head-768x440.jpg 768w, https:\/\/stadtwolmirstedt.de\/wp-content\/uploads\/2024\/04\/Regionalmark_head-1536x881.jpg 1536w, https:\/\/stadtwolmirstedt.de\/wp-content\/uploads\/2024\/04\/Regionalmark_head-2048x1174.jpg 2048w\" sizes=\"(max-width: 1024px) 100vw, 1024px\" \/>                    <\/a>                <div class=\"ep-box-card-icon-group ep-position-absolute ep-bg-white ep-rounded-top ep-d-inline-flex\">\n                    <!--wishlist-->\n                                        <!--social sharing-->\n                    \n                                    <\/div>\n            <\/div>\n\n            \n            <div class=\"ep-box-card-content ep-text-small ep-p-3 ep-d-flex ep-flex-column ep-flex-1\">\n                <!-- Event Title -->\n                <div class=\"ep-box-title ep-box-card-title ep-text-truncate ep-mb-2\">\n                    <a href=\"https:\/\/stadtwolmirstedt.de\/all-events\/?event=29240\" class=\"ep-fw-bold ep-fs-6 ep-my-3 ep-text-dark\">\n                        Regionalmarkt                    <\/a>\n                <\/div>\n                <div class=\"ep-box-card-venue ep-card-venue ep-text-muted ep-text-small ep-text-truncate\">Schlossdom\u00e4ne                <\/div>                    <div class=\"ep-event-details ep-d-flex ep-justify-content-between ep-mb-2\">\n                        <div class=\"ep-card-event-date ep-d-flex ep-text-muted \">\n                            <div class=\"ep-card-event-date-wrap ep-d-flex ep-fw-bold ep-text-small\">\n                                                                    <span class=\"ep-card-event-date-start ep-text-primary\">\n                                        Sat, 12\/09\/2026 09:00                                    <\/span>                            <\/div>\n                        <\/div>\n                    <\/div>\n                \n                <!-- Event Description -->\n                <div class=\"ep-box-card-desc ep-text-small \">\n                    Von 9 bis 15 Uhr werden dabei auf der Schlossdom\u00e4ne frische Waren, handgemachte Produkte und saisonale Pflanzen verkauft, die allesamt&hellip;                <\/div>\n\n                <!-- Hook after event description -->\n                \n                <!-- Event Price -->\n                            <div class=\"ep-event-list-price ep-text-dark ep-di-flex ep-align-items-center ep-mt-auto\">\n            &nbsp;            <\/div>\n        \n                <!-- Booking Status -->\n                            <\/div>\n            \n                \n            <div class=\"ep-card-footer-wrap ep-text-center ep-box-w-100 ep-mt-7\">\n                 <div class=\"ep-card-footer ep-border-top ep-py-2 ep-position-absolute ep-px-3 ep-box-w-100\"> \n                                        <a href=\"https:\/\/stadtwolmirstedt.de\/all-events\/?event=29240\" target=\"_blank\" rel=\"noopener\">\n                            <div class=\"ep-btn ep-btn-dark ep-box-w-100 ep-my-0 ep-py-2\">\n                                <span class=\"ep-fw-bold ep-text-small\">Veranstaltungsdetails<\/span>\n                            <\/div>\n                        <\/a>\n                     \n                 <\/div>\n            <\/div>\n\n                    <\/div>\n    <\/div>\n    <div class=\"ep-event-card ep-mb-4 ep-card-col-3 \">\n        <div class=\"ep-box-card-item ep-border ep-rounded-1 ep-overflow-hidden ep-box-h-100 ep-mb-4 ep-bg-white ep-position-relative ep-d-flex ep-flex-column\">\n            <div class=\"ep-box-card-thumb ep-overflow-hidden ep-position-relative\">\n                                    <a href=\"https:\/\/stadtwolmirstedt.de\/all-events\/?event=29184\" class=\"ep-img-link\">\n                        <img loading=\"lazy\" decoding=\"async\" width=\"1024\" height=\"682\" src=\"https:\/\/stadtwolmirstedt.de\/wp-content\/uploads\/2025\/07\/money-7592322_1280-1024x682.jpg\" class=\"img-fluid  ep-box-w-100 ep-event-cover ep-box-h-100\" alt=\"Telefonische Energieberatung\" srcset=\"https:\/\/stadtwolmirstedt.de\/wp-content\/uploads\/2025\/07\/money-7592322_1280-1024x682.jpg 1024w, https:\/\/stadtwolmirstedt.de\/wp-content\/uploads\/2025\/07\/money-7592322_1280-300x200.jpg 300w, https:\/\/stadtwolmirstedt.de\/wp-content\/uploads\/2025\/07\/money-7592322_1280-768x512.jpg 768w, https:\/\/stadtwolmirstedt.de\/wp-content\/uploads\/2025\/07\/money-7592322_1280-391x260.jpg 391w, https:\/\/stadtwolmirstedt.de\/wp-content\/uploads\/2025\/07\/money-7592322_1280-930x620.jpg 930w, https:\/\/stadtwolmirstedt.de\/wp-content\/uploads\/2025\/07\/money-7592322_1280.jpg 1280w\" sizes=\"(max-width: 1024px) 100vw, 1024px\" \/>                    <\/a>                <div class=\"ep-box-card-icon-group ep-position-absolute ep-bg-white ep-rounded-top ep-d-inline-flex\">\n                    <!--wishlist-->\n                                        <!--social sharing-->\n                    \n                                    <\/div>\n            <\/div>\n\n            \n            <div class=\"ep-box-card-content ep-text-small ep-p-3 ep-d-flex ep-flex-column ep-flex-1\">\n                <!-- Event Title -->\n                <div class=\"ep-box-title ep-box-card-title ep-text-truncate ep-mb-2\">\n                    <a href=\"https:\/\/stadtwolmirstedt.de\/all-events\/?event=29184\" class=\"ep-fw-bold ep-fs-6 ep-my-3 ep-text-dark\">\n                        Telefonische Energieberatung                    <\/a>\n                <\/div>\n                <div class=\"ep-box-card-venue ep-card-venue ep-text-muted ep-text-small ep-text-truncate\">&nbsp;                <\/div>                    <div class=\"ep-event-details ep-d-flex ep-justify-content-between ep-mb-2\">\n                        <div class=\"ep-card-event-date ep-d-flex ep-text-muted \">\n                            <div class=\"ep-card-event-date-wrap ep-d-flex ep-fw-bold ep-text-small\">\n                                                                <span class=\"ep-card-event-date-start ep-text-primary hunny\">\n                                    Tue, 15\/09\/2026                                <\/span>                            <\/div>\n                        <\/div>\n                    <\/div>\n                \n                <!-- Event Description -->\n                <div class=\"ep-box-card-desc ep-text-small \">\n                    Clever heizen, weniger zahlen \u2013 Energieberatung jetzt Der Energieexperte der Verbraucherzentrale l\u00f6st es. \u00a0Sichern Sie sich einen Termin. Anbieterunabh\u00e4ngige telefonische&hellip;                <\/div>\n\n                <!-- Hook after event description -->\n                \n                <!-- Event Price -->\n                            <div class=\"ep-event-list-price ep-text-dark ep-di-flex ep-align-items-center ep-mt-auto\">\n            &nbsp;            <\/div>\n        \n                <!-- Booking Status -->\n                            <\/div>\n            \n                \n            <div class=\"ep-card-footer-wrap ep-text-center ep-box-w-100 ep-mt-7\">\n                 <div class=\"ep-card-footer ep-border-top ep-py-2 ep-position-absolute ep-px-3 ep-box-w-100\"> \n                                    <a href=\"https:\/\/stadtwolmirstedt.de\/all-events\/?event=29184\" target=\"_blank\" rel=\"noopener\">\n                        <div class=\"ep-btn ep-btn-dark ep-box-w-100 ep-my-0 ep-py-2\">\n                            <span class=\"ep-fw-bold ep-text-small\">Veranstaltungsdetails<\/span>\n                        <\/div>\n                    <\/a>\n                 \n                 <\/div>\n            <\/div>\n\n                    <\/div>\n    <\/div>\n    <div class=\"ep-event-card ep-mb-4 ep-card-col-3 \">\n        <div class=\"ep-box-card-item ep-border ep-rounded-1 ep-overflow-hidden ep-box-h-100 ep-mb-4 ep-bg-white ep-position-relative ep-d-flex ep-flex-column\">\n            <div class=\"ep-box-card-thumb ep-overflow-hidden ep-position-relative\">\n                                    <a href=\"https:\/\/stadtwolmirstedt.de\/all-events\/?event=30886\" class=\"ep-img-link\">\n                        <img loading=\"lazy\" decoding=\"async\" width=\"1024\" height=\"768\" src=\"https:\/\/stadtwolmirstedt.de\/wp-content\/uploads\/2017\/02\/Luftbild-Wolmirstedt-1024x768.jpg\" class=\"img-fluid  ep-box-w-100 ep-event-cover ep-box-h-100\" alt=\"Kulturcaf\u00e9\" srcset=\"https:\/\/stadtwolmirstedt.de\/wp-content\/uploads\/2017\/02\/Luftbild-Wolmirstedt-1024x768.jpg 1024w, https:\/\/stadtwolmirstedt.de\/wp-content\/uploads\/2017\/02\/Luftbild-Wolmirstedt-300x225.jpg 300w, https:\/\/stadtwolmirstedt.de\/wp-content\/uploads\/2017\/02\/Luftbild-Wolmirstedt-768x576.jpg 768w, https:\/\/stadtwolmirstedt.de\/wp-content\/uploads\/2017\/02\/Luftbild-Wolmirstedt.jpg 1200w\" sizes=\"(max-width: 1024px) 100vw, 1024px\" \/>                    <\/a>                <div class=\"ep-box-card-icon-group ep-position-absolute ep-bg-white ep-rounded-top ep-d-inline-flex\">\n                    <!--wishlist-->\n                                        <!--social sharing-->\n                    \n                                    <\/div>\n            <\/div>\n\n            \n            <div class=\"ep-box-card-content ep-text-small ep-p-3 ep-d-flex ep-flex-column ep-flex-1\">\n                <!-- Event Title -->\n                <div class=\"ep-box-title ep-box-card-title ep-text-truncate ep-mb-2\">\n                    <a href=\"https:\/\/stadtwolmirstedt.de\/all-events\/?event=30886\" class=\"ep-fw-bold ep-fs-6 ep-my-3 ep-text-dark\">\n                        Kulturcaf\u00e9                    <\/a>\n                <\/div>\n                <div class=\"ep-box-card-venue ep-card-venue ep-text-muted ep-text-small ep-text-truncate\">Museum Wolmirstedt                <\/div>                    <div class=\"ep-event-details ep-d-flex ep-justify-content-between ep-mb-2\">\n                        <div class=\"ep-card-event-date ep-d-flex ep-text-muted \">\n                            <div class=\"ep-card-event-date-wrap ep-d-flex ep-fw-bold ep-text-small\">\n                                                                    <span class=\"ep-card-event-date-start ep-text-primary\">\n                                        Wed, 16\/09\/2026 14:00                                    <\/span>                            <\/div>\n                        <\/div>\n                    <\/div>\n                \n                <!-- Event Description -->\n                <div class=\"ep-box-card-desc ep-text-small \">\n                    Kulturgeschichtliche Themen rund um Wolmirstedt Altes Wissen erschlie\u00dfen und bewahren. Gemeinsam mit den G\u00e4sten m\u00f6chte das Museum Wissensl\u00fccken schlie\u00dfen und&hellip;                <\/div>\n\n                <!-- Hook after event description -->\n                \n                <!-- Event Price -->\n                            <div class=\"ep-event-list-price ep-text-dark ep-di-flex ep-align-items-center ep-mt-auto\">\n            &nbsp;            <\/div>\n        \n                <!-- Booking Status -->\n                            <\/div>\n            \n                \n            <div class=\"ep-card-footer-wrap ep-text-center ep-box-w-100 ep-mt-7\">\n                 <div class=\"ep-card-footer ep-border-top ep-py-2 ep-position-absolute ep-px-3 ep-box-w-100\"> \n                                        <a href=\"https:\/\/stadtwolmirstedt.de\/all-events\/?event=30886\" target=\"_blank\" rel=\"noopener\">\n                            <div class=\"ep-btn ep-btn-dark ep-box-w-100 ep-my-0 ep-py-2\">\n                                <span class=\"ep-fw-bold ep-text-small\">Veranstaltungsdetails<\/span>\n                            <\/div>\n                        <\/a>\n                     \n                 <\/div>\n            <\/div>\n\n                    <\/div>\n    <\/div>\n    <div class=\"ep-event-card ep-mb-4 ep-card-col-3 \">\n        <div class=\"ep-box-card-item ep-border ep-rounded-1 ep-overflow-hidden ep-box-h-100 ep-mb-4 ep-bg-white ep-position-relative ep-d-flex ep-flex-column\">\n            <div class=\"ep-box-card-thumb ep-overflow-hidden ep-position-relative\">\n                                    <a href=\"https:\/\/stadtwolmirstedt.de\/all-events\/?event=30887\" class=\"ep-img-link\">\n                        <img loading=\"lazy\" decoding=\"async\" width=\"952\" height=\"649\" src=\"https:\/\/stadtwolmirstedt.de\/wp-content\/uploads\/2026\/07\/nepal.jpg\" class=\"img-fluid  ep-box-w-100 ep-event-cover ep-box-h-100\" alt=\"Nepal\" srcset=\"https:\/\/stadtwolmirstedt.de\/wp-content\/uploads\/2026\/07\/nepal.jpg 952w, https:\/\/stadtwolmirstedt.de\/wp-content\/uploads\/2026\/07\/nepal-300x205.jpg 300w, https:\/\/stadtwolmirstedt.de\/wp-content\/uploads\/2026\/07\/nepal-768x524.jpg 768w\" sizes=\"(max-width: 952px) 100vw, 952px\" \/>                    <\/a>                <div class=\"ep-box-card-icon-group ep-position-absolute ep-bg-white ep-rounded-top ep-d-inline-flex\">\n                    <!--wishlist-->\n                                        <!--social sharing-->\n                    \n                                    <\/div>\n            <\/div>\n\n            \n            <div class=\"ep-box-card-content ep-text-small ep-p-3 ep-d-flex ep-flex-column ep-flex-1\">\n                <!-- Event Title -->\n                <div class=\"ep-box-title ep-box-card-title ep-text-truncate ep-mb-2\">\n                    <a href=\"https:\/\/stadtwolmirstedt.de\/all-events\/?event=30887\" class=\"ep-fw-bold ep-fs-6 ep-my-3 ep-text-dark\">\n                        Nepal                    <\/a>\n                <\/div>\n                <div class=\"ep-box-card-venue ep-card-venue ep-text-muted ep-text-small ep-text-truncate\">Museum Wolmirstedt                <\/div>                    <div class=\"ep-event-details ep-d-flex ep-justify-content-between ep-mb-2\">\n                        <div class=\"ep-card-event-date ep-d-flex ep-text-muted \">\n                            <div class=\"ep-card-event-date-wrap ep-d-flex ep-fw-bold ep-text-small\">\n                                                                    <span class=\"ep-card-event-date-start ep-text-primary\">\n                                        Fri, 25\/09\/2026 19:00                                    <\/span>                            <\/div>\n                        <\/div>\n                    <\/div>\n                \n                <!-- Event Description -->\n                <div class=\"ep-box-card-desc ep-text-small \">\n                    Vortrag von Reiner Schmidt &nbsp; Rainer Schmidt erz\u00e4hlt in eindrucksvollen Bildern \u00fcber \u201eDen Weg in die Hauslosigkeit\u201c \u2013 die Entscheidung&hellip;                <\/div>\n\n                <!-- Hook after event description -->\n                \n                <!-- Event Price -->\n                            <div class=\"ep-event-list-price ep-text-dark ep-di-flex ep-align-items-center ep-mt-auto\">\n            &nbsp;            <\/div>\n        \n                <!-- Booking Status -->\n                            <\/div>\n            \n                \n            <div class=\"ep-card-footer-wrap ep-text-center ep-box-w-100 ep-mt-7\">\n                 <div class=\"ep-card-footer ep-border-top ep-py-2 ep-position-absolute ep-px-3 ep-box-w-100\"> \n                                        <a href=\"https:\/\/stadtwolmirstedt.de\/all-events\/?event=30887\" target=\"_blank\" rel=\"noopener\">\n                            <div class=\"ep-btn ep-btn-dark ep-box-w-100 ep-my-0 ep-py-2\">\n                                <span class=\"ep-fw-bold ep-text-small\">Veranstaltungsdetails<\/span>\n                            <\/div>\n                        <\/a>\n                     \n                 <\/div>\n            <\/div>\n\n                    <\/div>\n    <\/div>\n    <div class=\"ep-event-card ep-mb-4 ep-card-col-3 \">\n        <div class=\"ep-box-card-item ep-border ep-rounded-1 ep-overflow-hidden ep-box-h-100 ep-mb-4 ep-bg-white ep-position-relative ep-d-flex ep-flex-column\">\n            <div class=\"ep-box-card-thumb ep-overflow-hidden ep-position-relative\">\n                                    <a href=\"https:\/\/stadtwolmirstedt.de\/all-events\/?event=30094\" class=\"ep-img-link\">\n                        <img decoding=\"async\" width=\"706\" height=\"552\" src=\"https:\/\/stadtwolmirstedt.de\/wp-content\/uploads\/2026\/04\/Mrantus_logo.jpg\" class=\"img-fluid  ep-box-w-100 ep-event-cover ep-box-h-100\" alt=\"Mirantus Augenmobil in Wolmirstedt\" srcset=\"https:\/\/stadtwolmirstedt.de\/wp-content\/uploads\/2026\/04\/Mrantus_logo.jpg 706w, https:\/\/stadtwolmirstedt.de\/wp-content\/uploads\/2026\/04\/Mrantus_logo-300x235.jpg 300w\" sizes=\"(max-width: 706px) 100vw, 706px\" \/>                    <\/a>                <div class=\"ep-box-card-icon-group ep-position-absolute ep-bg-white ep-rounded-top ep-d-inline-flex\">\n                    <!--wishlist-->\n                                        <!--social sharing-->\n                    \n                                    <\/div>\n            <\/div>\n\n            \n            <div class=\"ep-box-card-content ep-text-small ep-p-3 ep-d-flex ep-flex-column ep-flex-1\">\n                <!-- Event Title -->\n                <div class=\"ep-box-title ep-box-card-title ep-text-truncate ep-mb-2\">\n                    <a href=\"https:\/\/stadtwolmirstedt.de\/all-events\/?event=30094\" class=\"ep-fw-bold ep-fs-6 ep-my-3 ep-text-dark\">\n                        Mirantus Augenmobil in Wolmirstedt                    <\/a>\n                <\/div>\n                <div class=\"ep-box-card-venue ep-card-venue ep-text-muted ep-text-small ep-text-truncate\">Gipfelstra\u00dfe 18, Wolmirstedt                <\/div>                    <div class=\"ep-event-details ep-d-flex ep-justify-content-between ep-mb-2\">\n                        <div class=\"ep-card-event-date ep-d-flex ep-text-muted \">\n                            <div class=\"ep-card-event-date-wrap ep-d-flex ep-fw-bold ep-text-small\">\n                                                                <span class=\"ep-card-event-date-start ep-text-primary hunny\">\n                                    Mon, 05\/10\/2026                                <\/span>                            <\/div>\n                        <\/div>\n                    <\/div>\n                \n                <!-- Event Description -->\n                <div class=\"ep-box-card-desc ep-text-small \">\n                    Riesiges Interesse an neuem Versorgungsmodell Nach dem Erfolg im M\u00e4rz geht die Gesundheitsinitiative in die n\u00e4chste Runde. Da der letzte&hellip;                <\/div>\n\n                <!-- Hook after event description -->\n                \n                <!-- Event Price -->\n                            <div class=\"ep-event-list-price ep-text-dark ep-di-flex ep-align-items-center ep-mt-auto\">\n            &nbsp;            <\/div>\n        \n                <!-- Booking Status -->\n                            <\/div>\n            \n                \n            <div class=\"ep-card-footer-wrap ep-text-center ep-box-w-100 ep-mt-7\">\n                 <div class=\"ep-card-footer ep-border-top ep-py-2 ep-position-absolute ep-px-3 ep-box-w-100\"> \n                                        <a href=\"https:\/\/stadtwolmirstedt.de\/all-events\/?event=30094\" target=\"_blank\" rel=\"noopener\">\n                            <div class=\"ep-btn ep-btn-dark ep-box-w-100 ep-my-0 ep-py-2\">\n                                <span class=\"ep-fw-bold ep-text-small\">Veranstaltungsdetails<\/span>\n                            <\/div>\n                        <\/a>\n                     \n                 <\/div>\n            <\/div>\n\n                    <\/div>\n    <\/div>\n    <div class=\"ep-event-card ep-mb-4 ep-card-col-3 \">\n        <div class=\"ep-box-card-item ep-border ep-rounded-1 ep-overflow-hidden ep-box-h-100 ep-mb-4 ep-bg-white ep-position-relative ep-d-flex ep-flex-column\">\n            <div class=\"ep-box-card-thumb ep-overflow-hidden ep-position-relative\">\n                                    <a href=\"https:\/\/stadtwolmirstedt.de\/all-events\/?event=30917\" class=\"ep-img-link\">\n                        <img loading=\"lazy\" decoding=\"async\" width=\"1024\" height=\"791\" src=\"https:\/\/stadtwolmirstedt.de\/wp-content\/uploads\/2026\/07\/mittellandkanal-1024x791.jpg\" class=\"img-fluid  ep-box-w-100 ep-event-cover ep-box-h-100\" alt=\"Der Mittellandkanal\" srcset=\"https:\/\/stadtwolmirstedt.de\/wp-content\/uploads\/2026\/07\/mittellandkanal-1024x791.jpg 1024w, https:\/\/stadtwolmirstedt.de\/wp-content\/uploads\/2026\/07\/mittellandkanal-300x232.jpg 300w, https:\/\/stadtwolmirstedt.de\/wp-content\/uploads\/2026\/07\/mittellandkanal-768x593.jpg 768w, https:\/\/stadtwolmirstedt.de\/wp-content\/uploads\/2026\/07\/mittellandkanal-1536x1186.jpg 1536w, https:\/\/stadtwolmirstedt.de\/wp-content\/uploads\/2026\/07\/mittellandkanal.jpg 1557w\" sizes=\"(max-width: 1024px) 100vw, 1024px\" \/>                    <\/a>                <div class=\"ep-box-card-icon-group ep-position-absolute ep-bg-white ep-rounded-top ep-d-inline-flex\">\n                    <!--wishlist-->\n                                        <!--social sharing-->\n                    \n                                    <\/div>\n            <\/div>\n\n            \n            <div class=\"ep-box-card-content ep-text-small ep-p-3 ep-d-flex ep-flex-column ep-flex-1\">\n                <!-- Event Title -->\n                <div class=\"ep-box-title ep-box-card-title ep-text-truncate ep-mb-2\">\n                    <a href=\"https:\/\/stadtwolmirstedt.de\/all-events\/?event=30917\" class=\"ep-fw-bold ep-fs-6 ep-my-3 ep-text-dark\">\n                        Der Mittellandkanal                    <\/a>\n                <\/div>\n                <div class=\"ep-box-card-venue ep-card-venue ep-text-muted ep-text-small ep-text-truncate\">Museum Wolmirstedt                <\/div>                    <div class=\"ep-event-details ep-d-flex ep-justify-content-between ep-mb-2\">\n                        <div class=\"ep-card-event-date ep-d-flex ep-text-muted \">\n                            <div class=\"ep-card-event-date-wrap ep-d-flex ep-fw-bold ep-text-small\">\n                                                                    <span class=\"ep-card-event-date-start ep-text-primary\">\n                                        Fri, 09\/10\/2026 19:00                                    <\/span>                            <\/div>\n                        <\/div>\n                    <\/div>\n                \n                <!-- Event Description -->\n                <div class=\"ep-box-card-desc ep-text-small \">\n                    Vortrag von Anette Pilz Der Vortrag besch\u00e4ftigt sich mit den Bauarbeiten ab dem Jahr 1926 in unserer Region bis zur&hellip;                <\/div>\n\n                <!-- Hook after event description -->\n                \n                <!-- Event Price -->\n                            <div class=\"ep-event-list-price ep-text-dark ep-di-flex ep-align-items-center ep-mt-auto\">\n            &nbsp;            <\/div>\n        \n                <!-- Booking Status -->\n                            <\/div>\n            \n                \n            <div class=\"ep-card-footer-wrap ep-text-center ep-box-w-100 ep-mt-7\">\n                 <div class=\"ep-card-footer ep-border-top ep-py-2 ep-position-absolute ep-px-3 ep-box-w-100\"> \n                                        <a href=\"https:\/\/stadtwolmirstedt.de\/all-events\/?event=30917\" target=\"_blank\" rel=\"noopener\">\n                            <div class=\"ep-btn ep-btn-dark ep-box-w-100 ep-my-0 ep-py-2\">\n                                <span class=\"ep-fw-bold ep-text-small\">Veranstaltungsdetails<\/span>\n                            <\/div>\n                        <\/a>\n                     \n                 <\/div>\n            <\/div>\n\n                    <\/div>\n    <\/div>\n    <div class=\"ep-event-card ep-mb-4 ep-card-col-3 \">\n        <div class=\"ep-box-card-item ep-border ep-rounded-1 ep-overflow-hidden ep-box-h-100 ep-mb-4 ep-bg-white ep-position-relative ep-d-flex ep-flex-column\">\n            <div class=\"ep-box-card-thumb ep-overflow-hidden ep-position-relative\">\n                                    <a href=\"https:\/\/stadtwolmirstedt.de\/all-events\/?event=30919\" class=\"ep-img-link\">\n                        <img loading=\"lazy\" decoding=\"async\" width=\"1024\" height=\"768\" src=\"https:\/\/stadtwolmirstedt.de\/wp-content\/uploads\/2017\/02\/Luftbild-Wolmirstedt-1024x768.jpg\" class=\"img-fluid  ep-box-w-100 ep-event-cover ep-box-h-100\" alt=\"Kulturcaf\u00e9\" srcset=\"https:\/\/stadtwolmirstedt.de\/wp-content\/uploads\/2017\/02\/Luftbild-Wolmirstedt-1024x768.jpg 1024w, https:\/\/stadtwolmirstedt.de\/wp-content\/uploads\/2017\/02\/Luftbild-Wolmirstedt-300x225.jpg 300w, https:\/\/stadtwolmirstedt.de\/wp-content\/uploads\/2017\/02\/Luftbild-Wolmirstedt-768x576.jpg 768w, https:\/\/stadtwolmirstedt.de\/wp-content\/uploads\/2017\/02\/Luftbild-Wolmirstedt.jpg 1200w\" sizes=\"(max-width: 1024px) 100vw, 1024px\" \/>                    <\/a>                <div class=\"ep-box-card-icon-group ep-position-absolute ep-bg-white ep-rounded-top ep-d-inline-flex\">\n                    <!--wishlist-->\n                                        <!--social sharing-->\n                    \n                                    <\/div>\n            <\/div>\n\n            \n            <div class=\"ep-box-card-content ep-text-small ep-p-3 ep-d-flex ep-flex-column ep-flex-1\">\n                <!-- Event Title -->\n                <div class=\"ep-box-title ep-box-card-title ep-text-truncate ep-mb-2\">\n                    <a href=\"https:\/\/stadtwolmirstedt.de\/all-events\/?event=30919\" class=\"ep-fw-bold ep-fs-6 ep-my-3 ep-text-dark\">\n                        Kulturcaf\u00e9                    <\/a>\n                <\/div>\n                <div class=\"ep-box-card-venue ep-card-venue ep-text-muted ep-text-small ep-text-truncate\">Museum Wolmirstedt                <\/div>                    <div class=\"ep-event-details ep-d-flex ep-justify-content-between ep-mb-2\">\n                        <div class=\"ep-card-event-date ep-d-flex ep-text-muted \">\n                            <div class=\"ep-card-event-date-wrap ep-d-flex ep-fw-bold ep-text-small\">\n                                                                    <span class=\"ep-card-event-date-start ep-text-primary\">\n                                        Wed, 14\/10\/2026 14:00                                    <\/span>                            <\/div>\n                        <\/div>\n                    <\/div>\n                \n                <!-- Event Description -->\n                <div class=\"ep-box-card-desc ep-text-small \">\n                    Kulturgeschichtliche Themen rund um Wolmirstedt Altes Wissen erschlie\u00dfen und bewahren. Gemeinsam mit den G\u00e4sten m\u00f6chte das Museum Wissensl\u00fccken schlie\u00dfen und&hellip;                <\/div>\n\n                <!-- Hook after event description -->\n                \n                <!-- Event Price -->\n                            <div class=\"ep-event-list-price ep-text-dark ep-di-flex ep-align-items-center ep-mt-auto\">\n            &nbsp;            <\/div>\n        \n                <!-- Booking Status -->\n                            <\/div>\n            \n                \n            <div class=\"ep-card-footer-wrap ep-text-center ep-box-w-100 ep-mt-7\">\n                 <div class=\"ep-card-footer ep-border-top ep-py-2 ep-position-absolute ep-px-3 ep-box-w-100\"> \n                                        <a href=\"https:\/\/stadtwolmirstedt.de\/all-events\/?event=30919\" target=\"_blank\" rel=\"noopener\">\n                            <div class=\"ep-btn ep-btn-dark ep-box-w-100 ep-my-0 ep-py-2\">\n                                <span class=\"ep-fw-bold ep-text-small\">Veranstaltungsdetails<\/span>\n                            <\/div>\n                        <\/a>\n                     \n                 <\/div>\n            <\/div>\n\n                    <\/div>\n    <\/div>\n    <div class=\"ep-event-card ep-mb-4 ep-card-col-3 \">\n        <div class=\"ep-box-card-item ep-border ep-rounded-1 ep-overflow-hidden ep-box-h-100 ep-mb-4 ep-bg-white ep-position-relative ep-d-flex ep-flex-column\">\n            <div class=\"ep-box-card-thumb ep-overflow-hidden ep-position-relative\">\n                                    <a href=\"https:\/\/stadtwolmirstedt.de\/all-events\/?event=29185\" class=\"ep-img-link\">\n                        <img loading=\"lazy\" decoding=\"async\" width=\"1024\" height=\"682\" src=\"https:\/\/stadtwolmirstedt.de\/wp-content\/uploads\/2025\/07\/money-7592322_1280-1024x682.jpg\" class=\"img-fluid  ep-box-w-100 ep-event-cover ep-box-h-100\" alt=\"Telefonische Energieberatung\" srcset=\"https:\/\/stadtwolmirstedt.de\/wp-content\/uploads\/2025\/07\/money-7592322_1280-1024x682.jpg 1024w, https:\/\/stadtwolmirstedt.de\/wp-content\/uploads\/2025\/07\/money-7592322_1280-300x200.jpg 300w, https:\/\/stadtwolmirstedt.de\/wp-content\/uploads\/2025\/07\/money-7592322_1280-768x512.jpg 768w, https:\/\/stadtwolmirstedt.de\/wp-content\/uploads\/2025\/07\/money-7592322_1280-391x260.jpg 391w, https:\/\/stadtwolmirstedt.de\/wp-content\/uploads\/2025\/07\/money-7592322_1280-930x620.jpg 930w, https:\/\/stadtwolmirstedt.de\/wp-content\/uploads\/2025\/07\/money-7592322_1280.jpg 1280w\" sizes=\"(max-width: 1024px) 100vw, 1024px\" \/>                    <\/a>                <div class=\"ep-box-card-icon-group ep-position-absolute ep-bg-white ep-rounded-top ep-d-inline-flex\">\n                    <!--wishlist-->\n                                        <!--social sharing-->\n                    \n                                    <\/div>\n            <\/div>\n\n            \n            <div class=\"ep-box-card-content ep-text-small ep-p-3 ep-d-flex ep-flex-column ep-flex-1\">\n                <!-- Event Title -->\n                <div class=\"ep-box-title ep-box-card-title ep-text-truncate ep-mb-2\">\n                    <a href=\"https:\/\/stadtwolmirstedt.de\/all-events\/?event=29185\" class=\"ep-fw-bold ep-fs-6 ep-my-3 ep-text-dark\">\n                        Telefonische Energieberatung                    <\/a>\n                <\/div>\n                <div class=\"ep-box-card-venue ep-card-venue ep-text-muted ep-text-small ep-text-truncate\">&nbsp;                <\/div>                    <div class=\"ep-event-details ep-d-flex ep-justify-content-between ep-mb-2\">\n                        <div class=\"ep-card-event-date ep-d-flex ep-text-muted \">\n                            <div class=\"ep-card-event-date-wrap ep-d-flex ep-fw-bold ep-text-small\">\n                                                                <span class=\"ep-card-event-date-start ep-text-primary hunny\">\n                                    Tue, 20\/10\/2026                                <\/span>                            <\/div>\n                        <\/div>\n                    <\/div>\n                \n                <!-- Event Description -->\n                <div class=\"ep-box-card-desc ep-text-small \">\n                    Clever heizen, weniger zahlen \u2013 Energieberatung jetzt Der Energieexperte der Verbraucherzentrale l\u00f6st es. \u00a0Sichern Sie sich einen Termin. Anbieterunabh\u00e4ngige telefonische&hellip;                <\/div>\n\n                <!-- Hook after event description -->\n                \n                <!-- Event Price -->\n                            <div class=\"ep-event-list-price ep-text-dark ep-di-flex ep-align-items-center ep-mt-auto\">\n            &nbsp;            <\/div>\n        \n                <!-- Booking Status -->\n                            <\/div>\n            \n                \n            <div class=\"ep-card-footer-wrap ep-text-center ep-box-w-100 ep-mt-7\">\n                 <div class=\"ep-card-footer ep-border-top ep-py-2 ep-position-absolute ep-px-3 ep-box-w-100\"> \n                                    <a href=\"https:\/\/stadtwolmirstedt.de\/all-events\/?event=29185\" target=\"_blank\" rel=\"noopener\">\n                        <div class=\"ep-btn ep-btn-dark ep-box-w-100 ep-my-0 ep-py-2\">\n                            <span class=\"ep-fw-bold ep-text-small\">Veranstaltungsdetails<\/span>\n                        <\/div>\n                    <\/a>\n                 \n                 <\/div>\n            <\/div>\n\n                    <\/div>\n    <\/div>\n    <div class=\"ep-event-card ep-mb-4 ep-card-col-3 \">\n        <div class=\"ep-box-card-item ep-border ep-rounded-1 ep-overflow-hidden ep-box-h-100 ep-mb-4 ep-bg-white ep-position-relative ep-d-flex ep-flex-column\">\n            <div class=\"ep-box-card-thumb ep-overflow-hidden ep-position-relative\">\n                                    <a href=\"https:\/\/stadtwolmirstedt.de\/all-events\/?event=30095\" class=\"ep-img-link\">\n                        <img decoding=\"async\" width=\"706\" height=\"552\" src=\"https:\/\/stadtwolmirstedt.de\/wp-content\/uploads\/2026\/04\/Mrantus_logo.jpg\" class=\"img-fluid  ep-box-w-100 ep-event-cover ep-box-h-100\" alt=\"Mirantus Augenmobil in Wolmirstedt\" srcset=\"https:\/\/stadtwolmirstedt.de\/wp-content\/uploads\/2026\/04\/Mrantus_logo.jpg 706w, https:\/\/stadtwolmirstedt.de\/wp-content\/uploads\/2026\/04\/Mrantus_logo-300x235.jpg 300w\" sizes=\"(max-width: 706px) 100vw, 706px\" \/>                    <\/a>                <div class=\"ep-box-card-icon-group ep-position-absolute ep-bg-white ep-rounded-top ep-d-inline-flex\">\n                    <!--wishlist-->\n                                        <!--social sharing-->\n                    \n                                    <\/div>\n            <\/div>\n\n            \n            <div class=\"ep-box-card-content ep-text-small ep-p-3 ep-d-flex ep-flex-column ep-flex-1\">\n                <!-- Event Title -->\n                <div class=\"ep-box-title ep-box-card-title ep-text-truncate ep-mb-2\">\n                    <a href=\"https:\/\/stadtwolmirstedt.de\/all-events\/?event=30095\" class=\"ep-fw-bold ep-fs-6 ep-my-3 ep-text-dark\">\n                        Mirantus Augenmobil in Wolmirstedt                    <\/a>\n                <\/div>\n                <div class=\"ep-box-card-venue ep-card-venue ep-text-muted ep-text-small ep-text-truncate\">Gipfelstra\u00dfe 18, Wolmirstedt                <\/div>                    <div class=\"ep-event-details ep-d-flex ep-justify-content-between ep-mb-2\">\n                        <div class=\"ep-card-event-date ep-d-flex ep-text-muted \">\n                            <div class=\"ep-card-event-date-wrap ep-d-flex ep-fw-bold ep-text-small\">\n                                                                <span class=\"ep-card-event-date-start ep-text-primary hunny\">\n                                    Mon, 02\/11\/2026                                <\/span>                            <\/div>\n                        <\/div>\n                    <\/div>\n                \n                <!-- Event Description -->\n                <div class=\"ep-box-card-desc ep-text-small \">\n                    Riesiges Interesse an neuem Versorgungsmodell Nach dem Erfolg im M\u00e4rz geht die Gesundheitsinitiative in die n\u00e4chste Runde. Da der letzte&hellip;                <\/div>\n\n                <!-- Hook after event description -->\n                \n                <!-- Event Price -->\n                            <div class=\"ep-event-list-price ep-text-dark ep-di-flex ep-align-items-center ep-mt-auto\">\n            &nbsp;            <\/div>\n        \n                <!-- Booking Status -->\n                            <\/div>\n            \n                \n            <div class=\"ep-card-footer-wrap ep-text-center ep-box-w-100 ep-mt-7\">\n                 <div class=\"ep-card-footer ep-border-top ep-py-2 ep-position-absolute ep-px-3 ep-box-w-100\"> \n                                        <a href=\"https:\/\/stadtwolmirstedt.de\/all-events\/?event=30095\" target=\"_blank\" rel=\"noopener\">\n                            <div class=\"ep-btn ep-btn-dark ep-box-w-100 ep-my-0 ep-py-2\">\n                                <span class=\"ep-fw-bold ep-text-small\">Veranstaltungsdetails<\/span>\n                            <\/div>\n                        <\/a>\n                     \n                 <\/div>\n            <\/div>\n\n                    <\/div>\n    <\/div>\n    <div class=\"ep-event-card ep-mb-4 ep-card-col-3 \">\n        <div class=\"ep-box-card-item ep-border ep-rounded-1 ep-overflow-hidden ep-box-h-100 ep-mb-4 ep-bg-white ep-position-relative ep-d-flex ep-flex-column\">\n            <div class=\"ep-box-card-thumb ep-overflow-hidden ep-position-relative\">\n                                    <a href=\"https:\/\/stadtwolmirstedt.de\/all-events\/?event=29242\" class=\"ep-img-link\">\n                        <img loading=\"lazy\" decoding=\"async\" width=\"1000\" height=\"784\" src=\"https:\/\/stadtwolmirstedt.de\/wp-content\/uploads\/2025\/11\/Die-Kinder-erleuchteten-mit-ihren-bunten-Laternen-die-Schlossdomaene-zum-Martinsfest.jpg\" class=\"img-fluid  ep-box-w-100 ep-event-cover ep-box-h-100\" alt=\"Martinsfest\" srcset=\"https:\/\/stadtwolmirstedt.de\/wp-content\/uploads\/2025\/11\/Die-Kinder-erleuchteten-mit-ihren-bunten-Laternen-die-Schlossdomaene-zum-Martinsfest.jpg 1000w, https:\/\/stadtwolmirstedt.de\/wp-content\/uploads\/2025\/11\/Die-Kinder-erleuchteten-mit-ihren-bunten-Laternen-die-Schlossdomaene-zum-Martinsfest-300x235.jpg 300w, https:\/\/stadtwolmirstedt.de\/wp-content\/uploads\/2025\/11\/Die-Kinder-erleuchteten-mit-ihren-bunten-Laternen-die-Schlossdomaene-zum-Martinsfest-768x602.jpg 768w\" sizes=\"(max-width: 1000px) 100vw, 1000px\" \/>                    <\/a>                <div class=\"ep-box-card-icon-group ep-position-absolute ep-bg-white ep-rounded-top ep-d-inline-flex\">\n                    <!--wishlist-->\n                                        <!--social sharing-->\n                    \n                                    <\/div>\n            <\/div>\n\n            \n            <div class=\"ep-box-card-content ep-text-small ep-p-3 ep-d-flex ep-flex-column ep-flex-1\">\n                <!-- Event Title -->\n                <div class=\"ep-box-title ep-box-card-title ep-text-truncate ep-mb-2\">\n                    <a href=\"https:\/\/stadtwolmirstedt.de\/all-events\/?event=29242\" class=\"ep-fw-bold ep-fs-6 ep-my-3 ep-text-dark\">\n                        Martinsfest                    <\/a>\n                <\/div>\n                <div class=\"ep-box-card-venue ep-card-venue ep-text-muted ep-text-small ep-text-truncate\">Schlossdom\u00e4ne                <\/div>                    <div class=\"ep-event-details ep-d-flex ep-justify-content-between ep-mb-2\">\n                        <div class=\"ep-card-event-date ep-d-flex ep-text-muted \">\n                            <div class=\"ep-card-event-date-wrap ep-d-flex ep-fw-bold ep-text-small\">\n                                                                <span class=\"ep-card-event-date-start ep-text-primary hunny\">\n                                    Fri, 06\/11\/2026                                <\/span>                            <\/div>\n                        <\/div>\n                    <\/div>\n                \n                <!-- Event Description -->\n                <div class=\"ep-box-card-desc ep-text-small \">\n                    Gemeinsam mit der Kindertagesst\u00e4tte \u201eStorchennest\u201c und dem Integrativen Hort der Bodelschwingh-Haus Wolmirstedt Stiftung sowie der Evangelischen Kindertagesst\u00e4tte St. Katharinen veranstaltet&hellip;                <\/div>\n\n                <!-- Hook after event description -->\n                \n                <!-- Event Price -->\n                            <div class=\"ep-event-list-price ep-text-dark ep-di-flex ep-align-items-center ep-mt-auto\">\n            &nbsp;            <\/div>\n        \n                <!-- Booking Status -->\n                            <\/div>\n            \n                \n            <div class=\"ep-card-footer-wrap ep-text-center ep-box-w-100 ep-mt-7\">\n                 <div class=\"ep-card-footer ep-border-top ep-py-2 ep-position-absolute ep-px-3 ep-box-w-100\"> \n                                        <a href=\"https:\/\/stadtwolmirstedt.de\/all-events\/?event=29242\" target=\"_blank\" rel=\"noopener\">\n                            <div class=\"ep-btn ep-btn-dark ep-box-w-100 ep-my-0 ep-py-2\">\n                                <span class=\"ep-fw-bold ep-text-small\">Veranstaltungsdetails<\/span>\n                            <\/div>\n                        <\/a>\n                     \n                 <\/div>\n            <\/div>\n\n                    <\/div>\n    <\/div>\n    <div class=\"ep-event-card ep-mb-4 ep-card-col-3 \">\n        <div class=\"ep-box-card-item ep-border ep-rounded-1 ep-overflow-hidden ep-box-h-100 ep-mb-4 ep-bg-white ep-position-relative ep-d-flex ep-flex-column\">\n            <div class=\"ep-box-card-thumb ep-overflow-hidden ep-position-relative\">\n                                    <a href=\"https:\/\/stadtwolmirstedt.de\/all-events\/?event=30920\" class=\"ep-img-link\">\n                        <img loading=\"lazy\" decoding=\"async\" width=\"867\" height=\"1024\" src=\"https:\/\/stadtwolmirstedt.de\/wp-content\/uploads\/2026\/07\/Weinabend-WMS.png\" class=\"img-fluid  ep-box-w-100 ep-event-cover ep-box-h-100\" alt=\"Weinabend\" srcset=\"https:\/\/stadtwolmirstedt.de\/wp-content\/uploads\/2026\/07\/Weinabend-WMS.png 867w, https:\/\/stadtwolmirstedt.de\/wp-content\/uploads\/2026\/07\/Weinabend-WMS-254x300.png 254w, https:\/\/stadtwolmirstedt.de\/wp-content\/uploads\/2026\/07\/Weinabend-WMS-768x907.png 768w\" sizes=\"(max-width: 867px) 100vw, 867px\" \/>                    <\/a>                <div class=\"ep-box-card-icon-group ep-position-absolute ep-bg-white ep-rounded-top ep-d-inline-flex\">\n                    <!--wishlist-->\n                                        <!--social sharing-->\n                    \n                                    <\/div>\n            <\/div>\n\n            \n            <div class=\"ep-box-card-content ep-text-small ep-p-3 ep-d-flex ep-flex-column ep-flex-1\">\n                <!-- Event Title -->\n                <div class=\"ep-box-title ep-box-card-title ep-text-truncate ep-mb-2\">\n                    <a href=\"https:\/\/stadtwolmirstedt.de\/all-events\/?event=30920\" class=\"ep-fw-bold ep-fs-6 ep-my-3 ep-text-dark\">\n                        Weinabend                    <\/a>\n                <\/div>\n                <div class=\"ep-box-card-venue ep-card-venue ep-text-muted ep-text-small ep-text-truncate\">&nbsp;                <\/div>                    <div class=\"ep-event-details ep-d-flex ep-justify-content-between ep-mb-2\">\n                        <div class=\"ep-card-event-date ep-d-flex ep-text-muted \">\n                            <div class=\"ep-card-event-date-wrap ep-d-flex ep-fw-bold ep-text-small\">\n                                                                    <span class=\"ep-card-event-date-start ep-text-primary\">\n                                        Fri, 20\/11\/2026 19:00                                    <\/span>                            <\/div>\n                        <\/div>\n                    <\/div>\n                \n                <!-- Event Description -->\n                <div class=\"ep-box-card-desc ep-text-small \">\n                    Vortrag von J\u00f6rg Bonewitz mit kultureller Umrahmung Wie in jedem Jahr l\u00e4dt das Museum Wolmirstedt zum traditionellen Wein-Abend ein. Bei&hellip;                <\/div>\n\n                <!-- Hook after event description -->\n                \n                <!-- Event Price -->\n                            <div class=\"ep-event-list-price ep-text-dark ep-di-flex ep-align-items-center ep-mt-auto\">\n            &nbsp;            <\/div>\n        \n                <!-- Booking Status -->\n                            <\/div>\n            \n                \n            <div class=\"ep-card-footer-wrap ep-text-center ep-box-w-100 ep-mt-7\">\n                 <div class=\"ep-card-footer ep-border-top ep-py-2 ep-position-absolute ep-px-3 ep-box-w-100\"> \n                                        <a href=\"https:\/\/stadtwolmirstedt.de\/all-events\/?event=30920\" target=\"_blank\" rel=\"noopener\">\n                            <div class=\"ep-btn ep-btn-dark ep-box-w-100 ep-my-0 ep-py-2\">\n                                <span class=\"ep-fw-bold ep-text-small\">Veranstaltungsdetails<\/span>\n                            <\/div>\n                        <\/a>\n                     \n                 <\/div>\n            <\/div>\n\n                    <\/div>\n    <\/div>\n    <div class=\"ep-event-card ep-mb-4 ep-card-col-3 \">\n        <div class=\"ep-box-card-item ep-border ep-rounded-1 ep-overflow-hidden ep-box-h-100 ep-mb-4 ep-bg-white ep-position-relative ep-d-flex ep-flex-column\">\n            <div class=\"ep-box-card-thumb ep-overflow-hidden ep-position-relative\">\n                                    <a href=\"https:\/\/stadtwolmirstedt.de\/all-events\/?event=30923\" class=\"ep-img-link\">\n                        <img loading=\"lazy\" decoding=\"async\" width=\"867\" height=\"1024\" src=\"https:\/\/stadtwolmirstedt.de\/wp-content\/uploads\/2026\/07\/Weinabend-WMS.png\" class=\"img-fluid  ep-box-w-100 ep-event-cover ep-box-h-100\" alt=\"Weinabend\" srcset=\"https:\/\/stadtwolmirstedt.de\/wp-content\/uploads\/2026\/07\/Weinabend-WMS.png 867w, https:\/\/stadtwolmirstedt.de\/wp-content\/uploads\/2026\/07\/Weinabend-WMS-254x300.png 254w, https:\/\/stadtwolmirstedt.de\/wp-content\/uploads\/2026\/07\/Weinabend-WMS-768x907.png 768w\" sizes=\"(max-width: 867px) 100vw, 867px\" \/>                    <\/a>                <div class=\"ep-box-card-icon-group ep-position-absolute ep-bg-white ep-rounded-top ep-d-inline-flex\">\n                    <!--wishlist-->\n                                        <!--social sharing-->\n                    \n                                    <\/div>\n            <\/div>\n\n            \n            <div class=\"ep-box-card-content ep-text-small ep-p-3 ep-d-flex ep-flex-column ep-flex-1\">\n                <!-- Event Title -->\n                <div class=\"ep-box-title ep-box-card-title ep-text-truncate ep-mb-2\">\n                    <a href=\"https:\/\/stadtwolmirstedt.de\/all-events\/?event=30923\" class=\"ep-fw-bold ep-fs-6 ep-my-3 ep-text-dark\">\n                        Weinabend                    <\/a>\n                <\/div>\n                <div class=\"ep-box-card-venue ep-card-venue ep-text-muted ep-text-small ep-text-truncate\">&nbsp;                <\/div>                    <div class=\"ep-event-details ep-d-flex ep-justify-content-between ep-mb-2\">\n                        <div class=\"ep-card-event-date ep-d-flex ep-text-muted \">\n                            <div class=\"ep-card-event-date-wrap ep-d-flex ep-fw-bold ep-text-small\">\n                                                                    <span class=\"ep-card-event-date-start ep-text-primary\">\n                                        Sat, 21\/11\/2026 19:00                                    <\/span>                            <\/div>\n                        <\/div>\n                    <\/div>\n                \n                <!-- Event Description -->\n                <div class=\"ep-box-card-desc ep-text-small \">\n                    Vortrag von J\u00f6rg Bonewitz mit kultureller Umrahmung Wie in jedem Jahr l\u00e4dt das Museum Wolmirstedt zum traditionellen Wein-Abend ein. Bei&hellip;                <\/div>\n\n                <!-- Hook after event description -->\n                \n                <!-- Event Price -->\n                            <div class=\"ep-event-list-price ep-text-dark ep-di-flex ep-align-items-center ep-mt-auto\">\n            &nbsp;            <\/div>\n        \n                <!-- Booking Status -->\n                            <\/div>\n            \n                \n            <div class=\"ep-card-footer-wrap ep-text-center ep-box-w-100 ep-mt-7\">\n                 <div class=\"ep-card-footer ep-border-top ep-py-2 ep-position-absolute ep-px-3 ep-box-w-100\"> \n                                        <a href=\"https:\/\/stadtwolmirstedt.de\/all-events\/?event=30923\" target=\"_blank\" rel=\"noopener\">\n                            <div class=\"ep-btn ep-btn-dark ep-box-w-100 ep-my-0 ep-py-2\">\n                                <span class=\"ep-fw-bold ep-text-small\">Veranstaltungsdetails<\/span>\n                            <\/div>\n                        <\/a>\n                     \n                 <\/div>\n            <\/div>\n\n                    <\/div>\n    <\/div>\n    <div class=\"ep-event-card ep-mb-4 ep-card-col-3 \">\n        <div class=\"ep-box-card-item ep-border ep-rounded-1 ep-overflow-hidden ep-box-h-100 ep-mb-4 ep-bg-white ep-position-relative ep-d-flex ep-flex-column\">\n            <div class=\"ep-box-card-thumb ep-overflow-hidden ep-position-relative\">\n                                    <a href=\"https:\/\/stadtwolmirstedt.de\/all-events\/?event=29243\" class=\"ep-img-link\">\n                        <img loading=\"lazy\" decoding=\"async\" width=\"1024\" height=\"819\" src=\"https:\/\/stadtwolmirstedt.de\/wp-content\/uploads\/2025\/12\/Scheune-Adventsmarkt-1024x819.jpg\" class=\"img-fluid  ep-box-w-100 ep-event-cover ep-box-h-100\" alt=\"Wolmirstedter Adventsmarkt\" srcset=\"https:\/\/stadtwolmirstedt.de\/wp-content\/uploads\/2025\/12\/Scheune-Adventsmarkt-1024x819.jpg 1024w, https:\/\/stadtwolmirstedt.de\/wp-content\/uploads\/2025\/12\/Scheune-Adventsmarkt-300x240.jpg 300w, https:\/\/stadtwolmirstedt.de\/wp-content\/uploads\/2025\/12\/Scheune-Adventsmarkt-768x614.jpg 768w, https:\/\/stadtwolmirstedt.de\/wp-content\/uploads\/2025\/12\/Scheune-Adventsmarkt-1536x1229.jpg 1536w, https:\/\/stadtwolmirstedt.de\/wp-content\/uploads\/2025\/12\/Scheune-Adventsmarkt.jpg 2000w\" sizes=\"(max-width: 1024px) 100vw, 1024px\" \/>                    <\/a>                <div class=\"ep-box-card-icon-group ep-position-absolute ep-bg-white ep-rounded-top ep-d-inline-flex\">\n                    <!--wishlist-->\n                                        <!--social sharing-->\n                    \n                                    <\/div>\n            <\/div>\n\n            \n            <div class=\"ep-box-card-content ep-text-small ep-p-3 ep-d-flex ep-flex-column ep-flex-1\">\n                <!-- Event Title -->\n                <div class=\"ep-box-title ep-box-card-title ep-text-truncate ep-mb-2\">\n                    <a href=\"https:\/\/stadtwolmirstedt.de\/all-events\/?event=29243\" class=\"ep-fw-bold ep-fs-6 ep-my-3 ep-text-dark\">\n                        Wolmirstedter Adventsmarkt                    <\/a>\n                <\/div>\n                <div class=\"ep-box-card-venue ep-card-venue ep-text-muted ep-text-small ep-text-truncate\">Schlossdom\u00e4ne                <\/div>                    <div class=\"ep-event-details ep-d-flex ep-justify-content-between ep-mb-2\">\n                        <div class=\"ep-card-event-date ep-d-flex ep-text-muted \">\n                            <div class=\"ep-card-event-date-wrap ep-d-flex ep-fw-bold ep-text-small\">\n                                                                <span class=\"ep-card-event-date-start ep-text-primary hunny\">\n                                    Fri, 27\/11\/2026                                <\/span>                            <\/div>\n                        <\/div>\n                    <\/div>\n                \n                <!-- Event Description -->\n                <div class=\"ep-box-card-desc ep-text-small \">\n                    Der Wolmirstedter Adventsmarkt findet traditionell am ersten Adventswochenende im Jahr statt. Auch 2026 ist es wieder so weit: Vom Freitag,&hellip;                <\/div>\n\n                <!-- Hook after event description -->\n                \n                <!-- Event Price -->\n                            <div class=\"ep-event-list-price ep-text-dark ep-di-flex ep-align-items-center ep-mt-auto\">\n            &nbsp;            <\/div>\n        \n                <!-- Booking Status -->\n                            <\/div>\n            \n                \n            <div class=\"ep-card-footer-wrap ep-text-center ep-box-w-100 ep-mt-7\">\n                 <div class=\"ep-card-footer ep-border-top ep-py-2 ep-position-absolute ep-px-3 ep-box-w-100\"> \n                                        <a href=\"https:\/\/stadtwolmirstedt.de\/all-events\/?event=29243\" target=\"_blank\" rel=\"noopener\">\n                            <div class=\"ep-btn ep-btn-dark ep-box-w-100 ep-my-0 ep-py-2\">\n                                <span class=\"ep-fw-bold ep-text-small\">Veranstaltungsdetails<\/span>\n                            <\/div>\n                        <\/a>\n                     \n                 <\/div>\n            <\/div>\n\n                    <\/div>\n    <\/div>\n    <div class=\"ep-event-card ep-mb-4 ep-card-col-3 \">\n        <div class=\"ep-box-card-item ep-border ep-rounded-1 ep-overflow-hidden ep-box-h-100 ep-mb-4 ep-bg-white ep-position-relative ep-d-flex ep-flex-column\">\n            <div class=\"ep-box-card-thumb ep-overflow-hidden ep-position-relative\">\n                                    <a href=\"https:\/\/stadtwolmirstedt.de\/all-events\/?event=30924\" class=\"ep-img-link\">\n                        <img loading=\"lazy\" decoding=\"async\" width=\"1024\" height=\"819\" src=\"https:\/\/stadtwolmirstedt.de\/wp-content\/uploads\/2025\/12\/Museumsscheune-Weihnachtsmarkt-1024x819.jpg\" class=\"img-fluid  ep-box-w-100 ep-event-cover ep-box-h-100\" alt=\"Er\u00f6ffnung Sonderausstellung\" srcset=\"https:\/\/stadtwolmirstedt.de\/wp-content\/uploads\/2025\/12\/Museumsscheune-Weihnachtsmarkt-1024x819.jpg 1024w, https:\/\/stadtwolmirstedt.de\/wp-content\/uploads\/2025\/12\/Museumsscheune-Weihnachtsmarkt-300x240.jpg 300w, https:\/\/stadtwolmirstedt.de\/wp-content\/uploads\/2025\/12\/Museumsscheune-Weihnachtsmarkt-768x614.jpg 768w, https:\/\/stadtwolmirstedt.de\/wp-content\/uploads\/2025\/12\/Museumsscheune-Weihnachtsmarkt-1536x1229.jpg 1536w, https:\/\/stadtwolmirstedt.de\/wp-content\/uploads\/2025\/12\/Museumsscheune-Weihnachtsmarkt.jpg 2000w\" sizes=\"(max-width: 1024px) 100vw, 1024px\" \/>                    <\/a>                <div class=\"ep-box-card-icon-group ep-position-absolute ep-bg-white ep-rounded-top ep-d-inline-flex\">\n                    <!--wishlist-->\n                                        <!--social sharing-->\n                    \n                                    <\/div>\n            <\/div>\n\n            \n            <div class=\"ep-box-card-content ep-text-small ep-p-3 ep-d-flex ep-flex-column ep-flex-1\">\n                <!-- Event Title -->\n                <div class=\"ep-box-title ep-box-card-title ep-text-truncate ep-mb-2\">\n                    <a href=\"https:\/\/stadtwolmirstedt.de\/all-events\/?event=30924\" class=\"ep-fw-bold ep-fs-6 ep-my-3 ep-text-dark\">\n                        Er\u00f6ffnung Sonderausstellung                    <\/a>\n                <\/div>\n                <div class=\"ep-box-card-venue ep-card-venue ep-text-muted ep-text-small ep-text-truncate\">Museum Wolmirstedt                <\/div>                    <div class=\"ep-event-details ep-d-flex ep-justify-content-between ep-mb-2\">\n                        <div class=\"ep-card-event-date ep-d-flex ep-text-muted \">\n                            <div class=\"ep-card-event-date-wrap ep-d-flex ep-fw-bold ep-text-small\">\n                                                                    <span class=\"ep-card-event-date-start ep-text-primary\">\n                                        Sun, 29\/11\/2026 15:00                                    <\/span>                            <\/div>\n                        <\/div>\n                    <\/div>\n                \n                <!-- Event Description -->\n                <div class=\"ep-box-card-desc ep-text-small \">\n                    \u201eWeihnachten?! Schon alle Geschenke?!\u201c P\u00fcnktlich zur Weihnachtszeit zeigt das Museum alles rund um eine der sch\u00f6nsten Zeiten des Jahres.                <\/div>\n\n                <!-- Hook after event description -->\n                \n                <!-- Event Price -->\n                            <div class=\"ep-event-list-price ep-text-dark ep-di-flex ep-align-items-center ep-mt-auto\">\n            &nbsp;            <\/div>\n        \n                <!-- Booking Status -->\n                            <\/div>\n            \n                \n            <div class=\"ep-card-footer-wrap ep-text-center ep-box-w-100 ep-mt-7\">\n                 <div class=\"ep-card-footer ep-border-top ep-py-2 ep-position-absolute ep-px-3 ep-box-w-100\"> \n                                        <a href=\"https:\/\/stadtwolmirstedt.de\/all-events\/?event=30924\" target=\"_blank\" rel=\"noopener\">\n                            <div class=\"ep-btn ep-btn-dark ep-box-w-100 ep-my-0 ep-py-2\">\n                                <span class=\"ep-fw-bold ep-text-small\">Veranstaltungsdetails<\/span>\n                            <\/div>\n                        <\/a>\n                     \n                 <\/div>\n            <\/div>\n\n                    <\/div>\n    <\/div>\n    <div class=\"ep-event-card ep-mb-4 ep-card-col-3 \">\n        <div class=\"ep-box-card-item ep-border ep-rounded-1 ep-overflow-hidden ep-box-h-100 ep-mb-4 ep-bg-white ep-position-relative ep-d-flex ep-flex-column\">\n            <div class=\"ep-box-card-thumb ep-overflow-hidden ep-position-relative\">\n                                    <a href=\"https:\/\/stadtwolmirstedt.de\/all-events\/?event=30096\" class=\"ep-img-link\">\n                        <img decoding=\"async\" width=\"706\" height=\"552\" src=\"https:\/\/stadtwolmirstedt.de\/wp-content\/uploads\/2026\/04\/Mrantus_logo.jpg\" class=\"img-fluid  ep-box-w-100 ep-event-cover ep-box-h-100\" alt=\"Mirantus Augenmobil in Wolmirstedt\" srcset=\"https:\/\/stadtwolmirstedt.de\/wp-content\/uploads\/2026\/04\/Mrantus_logo.jpg 706w, https:\/\/stadtwolmirstedt.de\/wp-content\/uploads\/2026\/04\/Mrantus_logo-300x235.jpg 300w\" sizes=\"(max-width: 706px) 100vw, 706px\" \/>                    <\/a>                <div class=\"ep-box-card-icon-group ep-position-absolute ep-bg-white ep-rounded-top ep-d-inline-flex\">\n                    <!--wishlist-->\n                                        <!--social sharing-->\n                    \n                                    <\/div>\n            <\/div>\n\n            \n            <div class=\"ep-box-card-content ep-text-small ep-p-3 ep-d-flex ep-flex-column ep-flex-1\">\n                <!-- Event Title -->\n                <div class=\"ep-box-title ep-box-card-title ep-text-truncate ep-mb-2\">\n                    <a href=\"https:\/\/stadtwolmirstedt.de\/all-events\/?event=30096\" class=\"ep-fw-bold ep-fs-6 ep-my-3 ep-text-dark\">\n                        Mirantus Augenmobil in Wolmirstedt                    <\/a>\n                <\/div>\n                <div class=\"ep-box-card-venue ep-card-venue ep-text-muted ep-text-small ep-text-truncate\">Gipfelstra\u00dfe 18, Wolmirstedt                <\/div>                    <div class=\"ep-event-details ep-d-flex ep-justify-content-between ep-mb-2\">\n                        <div class=\"ep-card-event-date ep-d-flex ep-text-muted \">\n                            <div class=\"ep-card-event-date-wrap ep-d-flex ep-fw-bold ep-text-small\">\n                                                                <span class=\"ep-card-event-date-start ep-text-primary hunny\">\n                                    Mon, 30\/11\/2026                                <\/span>                            <\/div>\n                        <\/div>\n                    <\/div>\n                \n                <!-- Event Description -->\n                <div class=\"ep-box-card-desc ep-text-small \">\n                    Riesiges Interesse an neuem Versorgungsmodell Nach dem Erfolg im M\u00e4rz geht die Gesundheitsinitiative in die n\u00e4chste Runde. Da der letzte&hellip;                <\/div>\n\n                <!-- Hook after event description -->\n                \n                <!-- Event Price -->\n                            <div class=\"ep-event-list-price ep-text-dark ep-di-flex ep-align-items-center ep-mt-auto\">\n            &nbsp;            <\/div>\n        \n                <!-- Booking Status -->\n                            <\/div>\n            \n                \n            <div class=\"ep-card-footer-wrap ep-text-center ep-box-w-100 ep-mt-7\">\n                 <div class=\"ep-card-footer ep-border-top ep-py-2 ep-position-absolute ep-px-3 ep-box-w-100\"> \n                                        <a href=\"https:\/\/stadtwolmirstedt.de\/all-events\/?event=30096\" target=\"_blank\" rel=\"noopener\">\n                            <div class=\"ep-btn ep-btn-dark ep-box-w-100 ep-my-0 ep-py-2\">\n                                <span class=\"ep-fw-bold ep-text-small\">Veranstaltungsdetails<\/span>\n                            <\/div>\n                        <\/a>\n                     \n                 <\/div>\n            <\/div>\n\n                    <\/div>\n    <\/div>\n    <div class=\"ep-event-card ep-mb-4 ep-card-col-3 \">\n        <div class=\"ep-box-card-item ep-border ep-rounded-1 ep-overflow-hidden ep-box-h-100 ep-mb-4 ep-bg-white ep-position-relative ep-d-flex ep-flex-column\">\n            <div class=\"ep-box-card-thumb ep-overflow-hidden ep-position-relative\">\n                                    <a href=\"https:\/\/stadtwolmirstedt.de\/all-events\/?event=30925\" class=\"ep-img-link\">\n                        <img loading=\"lazy\" decoding=\"async\" width=\"1024\" height=\"719\" src=\"https:\/\/stadtwolmirstedt.de\/wp-content\/uploads\/2025\/01\/20181106_082532_bearb-2-1024x719.jpg\" class=\"img-fluid  ep-box-w-100 ep-event-cover ep-box-h-100\" alt=\"Nachts durchs Museum\" srcset=\"https:\/\/stadtwolmirstedt.de\/wp-content\/uploads\/2025\/01\/20181106_082532_bearb-2-1024x719.jpg 1024w, https:\/\/stadtwolmirstedt.de\/wp-content\/uploads\/2025\/01\/20181106_082532_bearb-2-300x211.jpg 300w, https:\/\/stadtwolmirstedt.de\/wp-content\/uploads\/2025\/01\/20181106_082532_bearb-2-768x539.jpg 768w, https:\/\/stadtwolmirstedt.de\/wp-content\/uploads\/2025\/01\/20181106_082532_bearb-2-1536x1078.jpg 1536w, https:\/\/stadtwolmirstedt.de\/wp-content\/uploads\/2025\/01\/20181106_082532_bearb-2-2048x1438.jpg 2048w\" sizes=\"(max-width: 1024px) 100vw, 1024px\" \/>                    <\/a>                <div class=\"ep-box-card-icon-group ep-position-absolute ep-bg-white ep-rounded-top ep-d-inline-flex\">\n                    <!--wishlist-->\n                                        <!--social sharing-->\n                    \n                                    <\/div>\n            <\/div>\n\n            \n            <div class=\"ep-box-card-content ep-text-small ep-p-3 ep-d-flex ep-flex-column ep-flex-1\">\n                <!-- Event Title -->\n                <div class=\"ep-box-title ep-box-card-title ep-text-truncate ep-mb-2\">\n                    <a href=\"https:\/\/stadtwolmirstedt.de\/all-events\/?event=30925\" class=\"ep-fw-bold ep-fs-6 ep-my-3 ep-text-dark\">\n                        Nachts durchs Museum                    <\/a>\n                <\/div>\n                <div class=\"ep-box-card-venue ep-card-venue ep-text-muted ep-text-small ep-text-truncate\">Museum Wolmirstedt                <\/div>                    <div class=\"ep-event-details ep-d-flex ep-justify-content-between ep-mb-2\">\n                        <div class=\"ep-card-event-date ep-d-flex ep-text-muted \">\n                            <div class=\"ep-card-event-date-wrap ep-d-flex ep-fw-bold ep-text-small\">\n                                                                    <span class=\"ep-card-event-date-start ep-text-primary\">\n                                        Fri, 04\/12\/2026 17:00                                    <\/span>                            <\/div>\n                        <\/div>\n                    <\/div>\n                \n                <!-- Event Description -->\n                <div class=\"ep-box-card-desc ep-text-small \">\n                    Taschenlampenf\u00fchrung f\u00fcr Kinder (Begleitung erforderlich) &nbsp; Taschenlampenf\u00fchrung f\u00fcr kleine Besucher (5-10 Jahre) in Begleitung im Museum Wolmirstedt. Die Teilnehmer erkunden&hellip;                <\/div>\n\n                <!-- Hook after event description -->\n                \n                <!-- Event Price -->\n                            <div class=\"ep-event-list-price ep-text-dark ep-di-flex ep-align-items-center ep-mt-auto\">\n            &nbsp;            <\/div>\n        \n                <!-- Booking Status -->\n                            <\/div>\n            \n                \n            <div class=\"ep-card-footer-wrap ep-text-center ep-box-w-100 ep-mt-7\">\n                 <div class=\"ep-card-footer ep-border-top ep-py-2 ep-position-absolute ep-px-3 ep-box-w-100\"> \n                                    <a href=\"https:\/\/stadtwolmirstedt.de\/all-events\/?event=30925\" target=\"_blank\" rel=\"noopener\">\n                        <div class=\"ep-btn ep-btn-dark ep-box-w-100 ep-my-0 ep-py-2\">\n                            <span class=\"ep-fw-bold ep-text-small\">Veranstaltungsdetails<\/span>\n                        <\/div>\n                    <\/a>\n                 \n                 <\/div>\n            <\/div>\n\n                    <\/div>\n    <\/div>\n    <div class=\"ep-event-card ep-mb-4 ep-card-col-3 \">\n        <div class=\"ep-box-card-item ep-border ep-rounded-1 ep-overflow-hidden ep-box-h-100 ep-mb-4 ep-bg-white ep-position-relative ep-d-flex ep-flex-column\">\n            <div class=\"ep-box-card-thumb ep-overflow-hidden ep-position-relative\">\n                                    <a href=\"https:\/\/stadtwolmirstedt.de\/all-events\/?event=30918\" class=\"ep-img-link\">\n                        <img loading=\"lazy\" decoding=\"async\" width=\"1024\" height=\"768\" src=\"https:\/\/stadtwolmirstedt.de\/wp-content\/uploads\/2017\/02\/Luftbild-Wolmirstedt-1024x768.jpg\" class=\"img-fluid  ep-box-w-100 ep-event-cover ep-box-h-100\" alt=\"Kulturcaf\u00e9\" srcset=\"https:\/\/stadtwolmirstedt.de\/wp-content\/uploads\/2017\/02\/Luftbild-Wolmirstedt-1024x768.jpg 1024w, https:\/\/stadtwolmirstedt.de\/wp-content\/uploads\/2017\/02\/Luftbild-Wolmirstedt-300x225.jpg 300w, https:\/\/stadtwolmirstedt.de\/wp-content\/uploads\/2017\/02\/Luftbild-Wolmirstedt-768x576.jpg 768w, https:\/\/stadtwolmirstedt.de\/wp-content\/uploads\/2017\/02\/Luftbild-Wolmirstedt.jpg 1200w\" sizes=\"(max-width: 1024px) 100vw, 1024px\" \/>                    <\/a>                <div class=\"ep-box-card-icon-group ep-position-absolute ep-bg-white ep-rounded-top ep-d-inline-flex\">\n                    <!--wishlist-->\n                                        <!--social sharing-->\n                    \n                                    <\/div>\n            <\/div>\n\n            \n            <div class=\"ep-box-card-content ep-text-small ep-p-3 ep-d-flex ep-flex-column ep-flex-1\">\n                <!-- Event Title -->\n                <div class=\"ep-box-title ep-box-card-title ep-text-truncate ep-mb-2\">\n                    <a href=\"https:\/\/stadtwolmirstedt.de\/all-events\/?event=30918\" class=\"ep-fw-bold ep-fs-6 ep-my-3 ep-text-dark\">\n                        Kulturcaf\u00e9                    <\/a>\n                <\/div>\n                <div class=\"ep-box-card-venue ep-card-venue ep-text-muted ep-text-small ep-text-truncate\">Museum Wolmirstedt                <\/div>                    <div class=\"ep-event-details ep-d-flex ep-justify-content-between ep-mb-2\">\n                        <div class=\"ep-card-event-date ep-d-flex ep-text-muted \">\n                            <div class=\"ep-card-event-date-wrap ep-d-flex ep-fw-bold ep-text-small\">\n                                                                    <span class=\"ep-card-event-date-start ep-text-primary\">\n                                        Wed, 09\/12\/2026 14:00                                    <\/span>                            <\/div>\n                        <\/div>\n                    <\/div>\n                \n                <!-- Event Description -->\n                <div class=\"ep-box-card-desc ep-text-small \">\n                    Kulturgeschichtliche Themen rund um Wolmirstedt Altes Wissen erschlie\u00dfen und bewahren. Gemeinsam mit den G\u00e4sten m\u00f6chte das Museum Wissensl\u00fccken schlie\u00dfen und&hellip;                <\/div>\n\n                <!-- Hook after event description -->\n                \n                <!-- Event Price -->\n                            <div class=\"ep-event-list-price ep-text-dark ep-di-flex ep-align-items-center ep-mt-auto\">\n            &nbsp;            <\/div>\n        \n                <!-- Booking Status -->\n                            <\/div>\n            \n                \n            <div class=\"ep-card-footer-wrap ep-text-center ep-box-w-100 ep-mt-7\">\n                 <div class=\"ep-card-footer ep-border-top ep-py-2 ep-position-absolute ep-px-3 ep-box-w-100\"> \n                                        <a href=\"https:\/\/stadtwolmirstedt.de\/all-events\/?event=30918\" target=\"_blank\" rel=\"noopener\">\n                            <div class=\"ep-btn ep-btn-dark ep-box-w-100 ep-my-0 ep-py-2\">\n                                <span class=\"ep-fw-bold ep-text-small\">Veranstaltungsdetails<\/span>\n                            <\/div>\n                        <\/a>\n                     \n                 <\/div>\n            <\/div>\n\n                    <\/div>\n    <\/div>\n                <\/div>\n                                    <div class=\"ep-events-load-more ep-frontend-loadmore ep-box-w-100 ep-my-4 ep-text-center ep-events-load-more-506\">\n                            <input type=\"hidden\" id=\"ep-events-limit-506\" value=\"20\"\/>\n                            <input type=\"hidden\" id=\"ep-events-order-506\" value=\"ASC\"\/>\n                            <input type=\"hidden\" id=\"ep-events-paged-506\" value=\"1\"\/>\n                            <input type=\"hidden\" id=\"ep-events-style-506\" value=\"square_grid\"\/>\n                            <input type=\"hidden\" id=\"ep-events-types-ids-506\" value=\"\"\/>\n                            <input type=\"hidden\" id=\"ep-events-venues-ids-506\" value=\"\"\/>\n                            <input type=\"hidden\" id=\"ep-events-cols-506\" value=\"3\"\/>\n                            <input type=\"hidden\" id=\"ep-events-i-events-506\" value=\"\"\/>\n                            <button data-max=\"2\" id=\"ep-loadmore-events\" class=\"ep-bg-white ep-btn ep-btn-outline-primary ep-loadmore-events\" data-section_id=\"506\">\n                                <span class=\"ep-spinner ep-spinner-border-sm ep-mr-1 ep-spinner-506\"><\/span>\n                                Load more                            <\/button>\n                        <\/div>                    <\/div>\n            <\/div><\/div>                <script>\n                jQuery( '.ep-event-loader' ).hide();\n                <\/script>\n                \t\t\t\t<\/div>\n\t\t\t\t<\/div>\n\t\t\t\t\t<\/div>\n\t\t<\/div>\n\t\t\t\t\t<\/div>\n\t\t<\/section>\n\t\t\t\t<\/div>\n\t\t","protected":false},"excerpt":{"rendered":"<p>Please send us your event details by e-mail to veranstaltung@stadtwolmirstedt.de<\/p>\n","protected":false},"author":1,"featured_media":0,"parent":0,"menu_order":0,"comment_status":"closed","ping_status":"closed","template":"","meta":{"neve_meta_sidebar":"","neve_meta_container":"","neve_meta_enable_content_width":"","neve_meta_content_width":0,"neve_meta_title_alignment":"","neve_meta_author_avatar":"","neve_post_elements_order":"","neve_meta_disable_header":"","neve_meta_disable_footer":"","neve_meta_disable_title":"","neve_meta_reading_time":"","footnotes":""},"class_list":["post-15514","page","type-page","status-publish","hentry"],"_links":{"self":[{"href":"https:\/\/stadtwolmirstedt.de\/en\/wp-json\/wp\/v2\/pages\/15514","targetHints":{"allow":["GET"]}}],"collection":[{"href":"https:\/\/stadtwolmirstedt.de\/en\/wp-json\/wp\/v2\/pages"}],"about":[{"href":"https:\/\/stadtwolmirstedt.de\/en\/wp-json\/wp\/v2\/types\/page"}],"author":[{"embeddable":true,"href":"https:\/\/stadtwolmirstedt.de\/en\/wp-json\/wp\/v2\/users\/1"}],"replies":[{"embeddable":true,"href":"https:\/\/stadtwolmirstedt.de\/en\/wp-json\/wp\/v2\/comments?post=15514"}],"version-history":[{"count":24,"href":"https:\/\/stadtwolmirstedt.de\/en\/wp-json\/wp\/v2\/pages\/15514\/revisions"}],"predecessor-version":[{"id":29268,"href":"https:\/\/stadtwolmirstedt.de\/en\/wp-json\/wp\/v2\/pages\/15514\/revisions\/29268"}],"wp:attachment":[{"href":"https:\/\/stadtwolmirstedt.de\/en\/wp-json\/wp\/v2\/media?parent=15514"}],"curies":[{"name":"wp","href":"https:\/\/api.w.org\/{rel}","templated":true}]}}